{"id":4755,"date":"2025-10-22T16:29:07","date_gmt":"2025-10-22T14:29:07","guid":{"rendered":"https:\/\/www.yachten-meltl.de\/prodej-jachet\/investice-do-jachet\/charter-managementu\/"},"modified":"2026-08-05T09:19:18","modified_gmt":"2026-08-05T07:19:18","slug":"charter-managementu","status":"publish","type":"page","link":"https:\/\/www.yachten-meltl.de\/cs\/prodej-jachet\/investice-do-jachet\/charter-managementu\/","title":{"rendered":"charter managementu"},"content":{"rendered":"<div class=\"et_pb_section_0 et_pb_section et_section_specialty et_pb_equal_columns et_pb_gutters1 et_block_section\"><div class=\"et_pb_row et_block_row\">\n<div class=\"et_pb_column_0 et_pb_column et_pb_column_single et_pb_column_1_2 et_block_column et_pb_css_mix_blend_mode_passthrough\">\n<div class=\"et_pb_text_0 et_pb_text et_pb_bg_layout_light et_pb_module et_block_module preset--module--divi-text--default\"><div class=\"et_pb_text_inner\"><h1>Profesion\u00e1ln\u00ed spr\u00e1va charterov\u00fdch let\u016f  <\/h1>\n<h3><span style=\"color: #ffffff;\">  Investujte bez starost\u00ed, plavte si v klidu.<\/span><\/h3>\n<\/div><\/div>\n\n<div class=\"et_pb_text_1 et_pb_text et_pb_bg_layout_light et_pb_module et_flex_module preset--module--divi-text--default\"><div class=\"et_pb_text_inner\"><h4><span style=\"color: #ffffff;\">My se postar\u00e1me o pr\u00e1ci, vy si u\u017e\u00edvejte v\u00fdhody. Zjist\u011bte, jak garantujeme zachov\u00e1n\u00ed hodnoty va\u0161\u00ed jachty v nejlep\u0161\u00edch marin\u00e1ch St\u0159edomo\u0159\u00ed. <\/span><\/h4>\n<\/div><\/div>\n<\/div>\n\n<div class=\"et_pb_column_1 et_pb_column et_pb_specialty_column et_pb_column_1_2 et-last-child et_block_column et_pb_column_empty et_pb_css_mix_blend_mode_passthrough\"><\/div>\n<\/div><\/div>\n\n<div class=\"et_pb_section_1 et_pb_section et_section_regular et_block_section\">\n<div class=\"et_pb_row_0 et_pb_row et_flex_row\">\n<div class=\"et_pb_column_2 et_pb_column et_flex_column et_pb_css_mix_blend_mode_passthrough et_flex_column_16_24 et_flex_column_16_24_tablet et_flex_column_24_24_phone\">\n<div class=\"et_pb_text_2 et_pb_text et_pb_bg_layout_light et_pb_module et_block_module preset--module--divi-text--default\"><div class=\"et_pb_text_inner\"><h3>Co znamen\u00e1 charter management?<\/h3>\n<\/div><\/div>\n\n<div class=\"et_pb_text_3 et_pb_text et_pb_bg_layout_light et_pb_module et_block_module preset--module--divi-text--default\"><div class=\"et_pb_text_inner\"><p class=\"isSelectedEnd\"><span>Charter management ozna\u010duje profesion\u00e1ln\u00ed spr\u00e1vu jachty, kter\u00e1 je krom\u011b soukrom\u00e9ho vyu\u017eit\u00ed provozov\u00e1na tak\u00e9 v charterov\u00e9m provozu. Jako vlastn\u00edk z\u016fst\u00e1v\u00e1te majitelem sv\u00e9 jachty, zat\u00edmco zku\u0161en\u00fd charterov\u00fd partner p\u0159eb\u00edr\u00e1 operativn\u00ed provoz. <\/span><\/p>\n<p class=\"isSelectedEnd\"><span>To zahrnuje mimo jin\u00e9 marketing jachty, p\u00e9\u010di o charterov\u00e9 hosty, technickou organizaci, \u00fadr\u017ebu a \u0159adu administrativn\u00edch \u00fakol\u016f. C\u00edlem je profesion\u00e1ln\u011b provozovat jachtu a z\u00e1rove\u0148 v\u00fdrazn\u011b sn\u00ed\u017eit n\u00e1ro\u010dnost pro vlastn\u00edka. <\/span><\/p>\n<p><span>Yachten Meltl v\u00e1s doprov\u00e1z\u00ed p\u0159i v\u00fdb\u011bru vhodn\u00e9 jachty a zprost\u0159edkuje v\u00e1m kontakt na zku\u0161en\u00e9 charterov\u00e9 spole\u010dnosti v r\u00e1mci Nautic Alliance. Tam z\u00edsk\u00e1te individu\u00e1ln\u00ed poradenstv\u00ed ohledn\u011b mo\u017en\u00fdch rev\u00edr\u016f, vhodn\u00fdch model\u016f jachet, smluvn\u00edch model\u016f a r\u00e1mcov\u00fdch podm\u00ednek programu n\u00e1kupu s charterem. <\/span><\/p>\n<\/div><\/div>\n\n<div class=\"et_pb_text_4 et_pb_text et_pb_bg_layout_light et_pb_module et_flex_module preset--module--divi-text--default\"><div class=\"et_pb_text_inner\"><h2 class=\"isSelectedEnd\">Jak funguje charter management<\/h2>\n<h4 class=\"isSelectedEnd\"><span>Cesta k vlastn\u00ed charterov\u00e9 jacht\u011b za\u010d\u00edn\u00e1 osobn\u00ed konzultac\u00ed.<\/span><\/h4>\n<p class=\"isSelectedEnd\"><span>Spole\u010dn\u011b s v\u00e1mi nejprve zjist\u00edme, kter\u00e1 jachta odpov\u00edd\u00e1 va\u0161im p\u0159edstav\u00e1m a jak ji chcete v budoucnu vyu\u017e\u00edvat.<\/span><\/p>\n<p class=\"isSelectedEnd\"><span>N\u00e1sledn\u011b v\u00e1s zprost\u0159edkujeme vhodn\u00e9mu charterov\u00e9mu partnerovi v r\u00e1mci Nautic Alliance. Tam budou mimo jin\u00e9 individu\u00e1ln\u011b projedn\u00e1ny n\u00e1sleduj\u00edc\u00ed body: <\/span><\/p>\n<ul data-spread=\"false\">\n<li><span>po\u017eadovan\u00fd charterov\u00fd rev\u00edr<\/span><\/li>\n<li><span>vhodn\u00e9 modely jachet<\/span><\/li>\n<li><span>d\u00e9lka trv\u00e1n\u00ed smlouvy<\/span><\/li>\n<li><span>vlastn\u00ed vyu\u017eit\u00ed<\/span><\/li>\n<li><span>servisn\u00edch slu\u017eb\u00e1ch<\/span><\/li>\n<li><span>technickou podporu<\/span><\/li>\n<li><span>ekonomick\u00e9 r\u00e1mcov\u00e9 podm\u00ednky<\/span><\/li>\n<\/ul>\n<p><span>Tak vznik\u00e1 koncept, kter\u00fd odpov\u00edd\u00e1 va\u0161im osobn\u00edm p\u0159edstav\u00e1m.<\/span><\/p>\n<\/div><\/div>\n<\/div>\n\n<div class=\"et_pb_column_3 et_pb_column et-last-child et_flex_column et_pb_css_mix_blend_mode_passthrough et_flex_column_8_24 et_flex_column_8_24_tablet et_flex_column_24_24_phone\">\n<div class=\"et_pb_image_0 et_pb_image et_pb_module et_flex_module\"><span class=\"et_pb_image_wrap\"><img decoding=\"async\" src=\"https:\/\/www.yachten-meltl.de\/wp-content\/uploads\/2026\/03\/Illustration-Segelyacht-schraeg-Transparenz10-scaled.png\" title=\"Illustration-Segelyacht-schr\u00e4g-Transparenz10\" width=\"1284\" height=\"1920\" srcset=\"https:\/\/www.yachten-meltl.de\/wp-content\/uploads\/2026\/03\/Illustration-Segelyacht-schraeg-Transparenz10-scaled.png 1284w, https:\/\/www.yachten-meltl.de\/wp-content\/uploads\/2026\/03\/Illustration-Segelyacht-schraeg-Transparenz10-1280x1914.png 1280w, https:\/\/www.yachten-meltl.de\/wp-content\/uploads\/2026\/03\/Illustration-Segelyacht-schraeg-Transparenz10-980x1465.png 980w, https:\/\/www.yachten-meltl.de\/wp-content\/uploads\/2026\/03\/Illustration-Segelyacht-schraeg-Transparenz10-480x718.png 480w\" sizes=\"(min-width: 0px) and (max-width: 480px) 480px, (min-width: 481px) and (max-width: 980px) 980px, (min-width: 981px) and (max-width: 1280px) 1280px, (min-width: 1281px) 1284px, 100vw\" class=\"wp-image-2037\" alt=\"\"><\/span><\/div>\n\n<div class=\"et_pb_module et_pb_button_module_wrapper et_pb_button_0_wrapper\"><a class=\"et_pb_button_0 et_pb_button et_pb_bg_layout_light et_pb_module et_block_module\" href=\"https:\/\/www.yachten-meltl.de\/yachthandel\/yachtinvest\/\">V\u00edce o programech pro vlastn\u00edky jachet<\/a><\/div>\n\n<div class=\"et_pb_image_1 et_pb_image et_pb_module et_flex_module\"><span class=\"et_pb_image_wrap\"><img decoding=\"async\" src=\"https:\/\/www.yachten-meltl.de\/wp-content\/uploads\/2026\/07\/Bavaria-Voyager-45_Yachten-Meltl-Schauraum-besichtigen-1.jpg\" title=\"Bavaria Voyager-45_Yachten-Meltl-Schauraum-besichtigen (1)\" width=\"740\" height=\"555\" srcset=\"https:\/\/www.yachten-meltl.de\/wp-content\/uploads\/2026\/07\/Bavaria-Voyager-45_Yachten-Meltl-Schauraum-besichtigen-1.jpg 740w, https:\/\/www.yachten-meltl.de\/wp-content\/uploads\/2026\/07\/Bavaria-Voyager-45_Yachten-Meltl-Schauraum-besichtigen-1-480x360.jpg 480w\" sizes=\"(min-width: 0px) and (max-width: 480px) 480px, (min-width: 481px) 740px, 100vw\" class=\"wp-image-4463\" alt=\"\"><\/span><\/div>\n<\/div>\n<\/div>\n<\/div>\n\n<div class=\"et_pb_section_2 et_pb_section et_section_regular et_flex_section\">\n<div class=\"et_pb_row_1 et_pb_row et_flex_row\">\n<div class=\"et_pb_column_4 et_pb_column et_flex_column et_pb_css_mix_blend_mode_passthrough et_flex_column_1_5 et_flex_column_12_24_tablet et_flex_column_24_24_phone\">\n<div class=\"et_pb_blurb_0 et_pb_blurb et_pb_bg_layout_light et_pb_blurb_position_top et_clickable et_pb_module et_block_module\"><div class=\"et_pb_blurb_content\"><div class=\"et_pb_main_blurb_image et_animated\"><span class=\"et_pb_image_wrap et_pb_only_image_mode_wrap\"><img decoding=\"async\" src=\"https:\/\/www.yachten-meltl.de\/wp-content\/uploads\/2025\/10\/Bavaria_c45-ex-04.jpg\" alt=\"Bavaria Yachts \u00a9 www.yacht-shot.com Stuart Pearce\" width=\"900\" height=\"600\" srcset=\"https:\/\/www.yachten-meltl.de\/wp-content\/uploads\/2025\/10\/Bavaria_c45-ex-04.jpg 900w, https:\/\/www.yachten-meltl.de\/wp-content\/uploads\/2025\/10\/Bavaria_c45-ex-04-480x320.jpg 480w\" sizes=\"(min-width: 0px) and (max-width: 480px) 480px, (min-width: 481px) 900px, 100vw\" class=\"wp-image-208\" title=\"\"><\/span><\/div><div class=\"et_pb_blurb_container\"><h4 class=\"et_pb_module_header\">Bavaria Yachts<\/h4><\/div><\/div><\/div>\n<\/div>\n\n<div class=\"et_pb_column_5 et_pb_column et_flex_column et_pb_css_mix_blend_mode_passthrough et_flex_column_1_5 et_flex_column_12_24_tablet et_flex_column_24_24_phone\">\n<div class=\"et_pb_blurb_1 et_pb_blurb et_pb_bg_layout_light et_pb_blurb_position_top et_clickable et_pb_module et_block_module\"><div class=\"et_pb_blurb_content\"><div class=\"et_pb_main_blurb_image et_animated\"><span class=\"et_pb_image_wrap et_pb_only_image_mode_wrap\"><img decoding=\"async\" src=\"https:\/\/www.yachten-meltl.de\/wp-content\/uploads\/2025\/10\/DUFOUR-32-JM_LIOT__55.jpg\" alt=\"DUFOUR 32 photo \u00a9 Jean-Marie LIOT \/ jmliot.com\" width=\"900\" height=\"600\" srcset=\"https:\/\/www.yachten-meltl.de\/wp-content\/uploads\/2025\/10\/DUFOUR-32-JM_LIOT__55.jpg 900w, https:\/\/www.yachten-meltl.de\/wp-content\/uploads\/2025\/10\/DUFOUR-32-JM_LIOT__55-480x320.jpg 480w\" sizes=\"(min-width: 0px) and (max-width: 480px) 480px, (min-width: 481px) 900px, 100vw\" class=\"wp-image-210\" title=\"\"><\/span><\/div><div class=\"et_pb_blurb_container\"><h4 class=\"et_pb_module_header\">Dufour Yachts<\/h4><\/div><\/div><\/div>\n<\/div>\n\n<div class=\"et_pb_column_6 et_pb_column et_flex_column et_pb_css_mix_blend_mode_passthrough et_flex_column_1_5 et_flex_column_12_24_tablet et_flex_column_24_24_phone\">\n<div class=\"et_pb_blurb_2 et_pb_blurb et_pb_bg_layout_light et_pb_blurb_position_top et_clickable et_pb_module et_block_module\"><div class=\"et_pb_blurb_content\"><div class=\"et_pb_main_blurb_image et_animated\"><span class=\"et_pb_image_wrap et_pb_only_image_mode_wrap\"><img decoding=\"async\" src=\"https:\/\/www.yachten-meltl.de\/wp-content\/uploads\/2025\/10\/Bente_Gennaker_von_Seite_schraeg_hinten.jpg\" alt=\"Bente Gennaker\" width=\"900\" height=\"600\" srcset=\"https:\/\/www.yachten-meltl.de\/wp-content\/uploads\/2025\/10\/Bente_Gennaker_von_Seite_schraeg_hinten.jpg 900w, https:\/\/www.yachten-meltl.de\/wp-content\/uploads\/2025\/10\/Bente_Gennaker_von_Seite_schraeg_hinten-480x320.jpg 480w\" sizes=\"(min-width: 0px) and (max-width: 480px) 480px, (min-width: 481px) 900px, 100vw\" class=\"wp-image-209\" title=\"\"><\/span><\/div><div class=\"et_pb_blurb_container\"><h4 class=\"et_pb_module_header\">Bente Yachts<\/h4><\/div><\/div><\/div>\n<\/div>\n\n<div class=\"et_pb_column_7 et_pb_column et_flex_column et_pb_css_mix_blend_mode_passthrough et_flex_column_1_5 et_flex_column_12_24_tablet et_flex_column_24_24_phone\">\n<div class=\"et_pb_blurb_3 et_pb_blurb et_pb_bg_layout_light et_pb_blurb_position_top et_clickable et_pb_module et_block_module\"><div class=\"et_pb_blurb_content\"><div class=\"et_pb_main_blurb_image et_animated\"><span class=\"et_pb_image_wrap et_pb_only_image_mode_wrap\"><img decoding=\"async\" src=\"https:\/\/www.yachten-meltl.de\/wp-content\/uploads\/2025\/11\/NAUTITECH_41_TYPE_S__9_.jpg\" width=\"1920\" height=\"1017\" srcset=\"https:\/\/www.yachten-meltl.de\/wp-content\/uploads\/2025\/11\/NAUTITECH_41_TYPE_S__9_.jpg 1920w, https:\/\/www.yachten-meltl.de\/wp-content\/uploads\/2025\/11\/NAUTITECH_41_TYPE_S__9_-1280x678.jpg 1280w, https:\/\/www.yachten-meltl.de\/wp-content\/uploads\/2025\/11\/NAUTITECH_41_TYPE_S__9_-980x519.jpg 980w, https:\/\/www.yachten-meltl.de\/wp-content\/uploads\/2025\/11\/NAUTITECH_41_TYPE_S__9_-480x254.jpg 480w\" sizes=\"(min-width: 0px) and (max-width: 480px) 480px, (min-width: 481px) and (max-width: 980px) 980px, (min-width: 981px) and (max-width: 1280px) 1280px, (min-width: 1281px) 1920px, 100vw\" class=\"wp-image-362\" alt=\"Bente Gennaker\" title=\"\"><\/span><\/div><div class=\"et_pb_blurb_container\"><h4 class=\"et_pb_module_header\">Nautitech<\/h4><\/div><\/div><\/div>\n<\/div>\n\n<div class=\"et_pb_column_8 et_pb_column et-last-child et_flex_column et_pb_css_mix_blend_mode_passthrough et_flex_column_1_5 et_flex_column_12_24_tablet et_flex_column_24_24_phone\">\n<div class=\"et_pb_blurb_4 et_pb_blurb et_pb_bg_layout_light et_pb_blurb_position_top et_clickable et_pb_module et_block_module\"><div class=\"et_pb_blurb_content\"><div class=\"et_pb_main_blurb_image et_animated\"><span class=\"et_pb_image_wrap et_pb_only_image_mode_wrap\"><img decoding=\"async\" src=\"https:\/\/www.yachten-meltl.de\/wp-content\/uploads\/2025\/11\/NUVA-M9_Cabin_White.jpg\" width=\"900\" height=\"600\" srcset=\"https:\/\/www.yachten-meltl.de\/wp-content\/uploads\/2025\/11\/NUVA-M9_Cabin_White.jpg 900w, https:\/\/www.yachten-meltl.de\/wp-content\/uploads\/2025\/11\/NUVA-M9_Cabin_White-480x320.jpg 480w\" sizes=\"(min-width: 0px) and (max-width: 480px) 480px, (min-width: 481px) 900px, 100vw\" class=\"wp-image-363\" alt=\"Bente Gennaker\" title=\"\"><\/span><\/div><div class=\"et_pb_blurb_container\"><h4 class=\"et_pb_module_header\">Nuva Yachts<\/h4><\/div><\/div><\/div>\n<\/div>\n<\/div>\n<\/div>\n\n<div class=\"et_pb_section_3 et_pb_section et_section_regular et_flex_section\">\n<div class=\"et_pb_row_2 et_pb_row et_flex_row\">\n<div class=\"et_pb_column_9 et_pb_column et-last-child et_flex_column et_pb_css_mix_blend_mode_passthrough et_flex_column_24_24 et_flex_column_24_24_tablet et_flex_column_24_24_phone\">\n<div class=\"et_pb_heading_0 et_pb_heading et_pb_module et_flex_module\"><div class=\"et_pb_heading_container\"><h3 class=\"et_pb_module_header\">Kdo co d\u011bl\u00e1 v charter managementu?<\/h3><\/div><\/div>\n\n<div class=\"et_pb_text_5 et_pb_text et_pb_bg_layout_light et_pb_module et_flex_module preset--module--divi-text--default\"><div class=\"et_pb_text_inner\"><ul>\n<li>\n<p data-path-to-node=\"11,1,0,0\"><b data-path-to-node=\"11,1,0,0\" data-index-in-node=\"0\">Vy (vlastn\u00edk):<\/b> Po\u0159\u00edd\u00edte jachtu (nap\u0159. model Bavaria, Dufour, Nautitech atd.) a u\u017e\u00edv\u00e1te si v\u00fdnos i sv\u00e9 vlastnick\u00e9 t\u00fddny na dovolen\u00e9.<\/p>\n<\/li>\n<li>\n<p data-path-to-node=\"11,1,1,0\"><b data-path-to-node=\"11,1,1,0\" data-index-in-node=\"0\">Yachten Meltl:<\/b> Konfiguruje, dod\u00e1 a p\u0159ed\u00e1 jachtu v perfektn\u00edm stavu na charterovou z\u00e1kladnu.<\/p>\n<\/li>\n<li>\n<p data-path-to-node=\"11,1,2,0\"><b data-path-to-node=\"11,1,2,0\" data-index-in-node=\"0\">Charterov\u00fd partner (nap\u0159. charterov\u00e9 spole\u010dnosti jako Pitter Yachtcharter, Sun Charter nebo Noa Yachting v r\u00e1mci Nautic Alliance):<\/b> P\u0159eb\u00edr\u00e1 organizaci kotvi\u0161\u0165, marketing, rezerva\u010dn\u00ed servis, \u00faklid, \u00fadr\u017ebu a check-in\/check-out host\u016f na m\u00edst\u011b.<\/p>\n<\/li>\n<\/ul>\n<\/div><\/div>\n<\/div>\n<\/div>\n<\/div>\n\n<div class=\"et_pb_section_4 et_pb_section et_section_regular et_flex_section\">\n<div class=\"et_pb_row_3 et_pb_row et_flex_row\">\n<div class=\"et_pb_column_10 et_pb_column et_flex_column et_pb_css_mix_blend_mode_passthrough et_flex_column_12_24 et_flex_column_12_24_tablet et_flex_column_24_24_phone\">\n<div class=\"et_pb_text_6 et_pb_text et_pb_bg_layout_light et_pb_module et_block_module preset--module--divi-text--default\"><div class=\"et_pb_text_inner\"><h2>Yachten Meltl \u2013 v\u00e1\u0161 kontakt pro n\u00e1kup jachty<\/h2>\n<p class=\"isSelectedEnd\"><span>Jako dlouholet\u00fd prodejce jachet BAVARIA v\u00e1s Yachten Meltl doprov\u00e1z\u00ed p\u0159i v\u00fdb\u011bru va\u0161\u00ed jachty a komplexn\u011b v\u00e1s porad\u00ed ohledn\u011b r\u016fzn\u00fdch mo\u017enost\u00ed modelu n\u00e1kupu s charterem.<\/span><\/p>\n<p class=\"isSelectedEnd\"><span>D\u00edky na\u0161im dlouholet\u00fdm zku\u0161enostem zn\u00e1me po\u017eadavky r\u016fzn\u00fdch charterov\u00fdch program\u016f a pom\u016f\u017eeme v\u00e1m naj\u00edt vhodnou jachtu pro va\u0161e c\u00edle.<\/span><\/p>\n<p><span>Na\u0161e \u00faloha nekon\u010d\u00ed n\u00e1kupem jachty. Na p\u0159\u00e1n\u00ed v\u00e1s doprov\u00e1z\u00edme i p\u0159i koordinaci s charterov\u00fdmi partnery a jsme v\u00e1m k dispozici jako osobn\u00ed kontakt b\u011bhem cel\u00e9ho rozhodovac\u00edho procesu. <\/span><\/p>\n<\/div><\/div>\n\n<div class=\"et_pb_text_7 et_pb_text et_pb_bg_layout_light et_pb_module et_block_module preset--module--divi-text--default\"><div class=\"et_pb_text_inner\"><h3>Siln\u00e1 s\u00ed\u0165 Nautic Alliance<\/h3>\n<h4 class=\"isSelectedEnd\"><span>Podstatnou v\u00fdhodou pro na\u0161e z\u00e1kazn\u00edky je s\u00ed\u0165 Nautic Alliance.<\/span><\/h4>\n<p class=\"isSelectedEnd\"><span>Zde \u00fazce spolupracuj\u00ed zku\u0161en\u00e9 spole\u010dnosti z oblast\u00ed prodeje jachet, charteru, servisu a technick\u00e9 p\u00e9\u010de.<\/span><\/p>\n<p class=\"isSelectedEnd\"><span>Mezi na\u0161e dlouholet\u00e9 partnery pat\u0159\u00ed mimo jin\u00e9 <\/span><strong><span>Pitter Yachtcharter<\/span><\/strong><span> a <\/span><strong><span>Sun Charter<\/span><\/strong><span>.<\/span><\/p>\n<p class=\"isSelectedEnd\"><span>S \u010detn\u00fdmi charterov\u00fdmi z\u00e1kladnami v Chorvatsku a dal\u0161\u00edch rev\u00edrech, dlouholet\u00fdmi zku\u0161enostmi a vysok\u00fdm pod\u00edlem st\u00e1l\u00fdch z\u00e1kazn\u00edk\u016f disponuj\u00ed ob\u011b spole\u010dnosti vynikaj\u00edc\u00edmi p\u0159edpoklady pro profesion\u00e1ln\u00ed charterov\u00fd provoz.<\/span><\/p>\n<p><span>Podle va\u0161ich p\u0159\u00e1n\u00ed zprost\u0159edkujeme kontakt na vhodnou charterovou spole\u010dnost v r\u00e1mci Nautic Alliance.<\/span><\/p>\n<\/div><\/div>\n\n<div class=\"et_pb_row_4 et_pb_row et_pb_row_nested et_block_row\">\n<div class=\"et_pb_column_11 et_pb_column et_pb_column_4_4 et-last-child et_block_column et_pb_css_mix_blend_mode_passthrough\">\n<div class=\"et_pb_module et_pb_button_module_wrapper et_pb_button_1_wrapper\"><a class=\"et_pb_button_1 et_pb_button et_pb_bg_layout_light et_pb_module et_block_module\" href=\"https:\/\/www.yachten-meltl.de\/yachten-meltl\/partner-kooperationen\/nautic-alliance\/\">Na\u0161e partnerstv\u00ed s Nautic Alliance<\/a><\/div>\n\n<div class=\"et_pb_image_2 et_pb_image et_pb_module et_flex_module\"><span class=\"et_pb_image_wrap\"><img decoding=\"async\" src=\"https:\/\/www.yachten-meltl.de\/wp-content\/uploads\/2026\/02\/Bavaria_C-LINE-Fleet-50.jpg\" alt=\"Bavaria C-Line Flotte\" title=\"Bavaria_C-LINE-Fleet-50\" width=\"1920\" height=\"1438\" srcset=\"https:\/\/www.yachten-meltl.de\/wp-content\/uploads\/2026\/02\/Bavaria_C-LINE-Fleet-50.jpg 1920w, https:\/\/www.yachten-meltl.de\/wp-content\/uploads\/2026\/02\/Bavaria_C-LINE-Fleet-50-1280x959.jpg 1280w, https:\/\/www.yachten-meltl.de\/wp-content\/uploads\/2026\/02\/Bavaria_C-LINE-Fleet-50-980x734.jpg 980w, https:\/\/www.yachten-meltl.de\/wp-content\/uploads\/2026\/02\/Bavaria_C-LINE-Fleet-50-480x360.jpg 480w\" sizes=\"(min-width: 0px) and (max-width: 480px) 480px, (min-width: 481px) and (max-width: 980px) 980px, (min-width: 981px) and (max-width: 1280px) 1280px, (min-width: 1281px) 1920px, 100vw\" class=\"wp-image-1016\" \/><\/span><\/div>\n<\/div>\n<\/div>\n<\/div>\n\n<div class=\"et_pb_column_12 et_pb_column et-last-child et_flex_column et_pb_css_mix_blend_mode_passthrough et_flex_column_12_24 et_flex_column_12_24_tablet et_flex_column_24_24_phone\">\n<div class=\"et_pb_text_8 et_pb_text et_pb_bg_layout_light et_pb_module et_block_module preset--module--divi-text--default\"><div class=\"et_pb_text_inner\"><h3>Osobn\u00ed poradenstv\u00ed od zku\u0161en\u00fdch charterov\u00fdch partner\u016f<\/h3>\n<p class=\"isSelectedEnd\"><span>Na\u0161i charterov\u00fd partne\u0159i v\u00e1s individu\u00e1ln\u011b porad\u00ed ohledn\u011b v\u0161ech d\u016fle\u017eit\u00fdch ot\u00e1zek t\u00fdkaj\u00edc\u00edch se p\u0159\u00edslu\u0161n\u00e9ho programu pro vlastn\u00edky.<\/span><\/p>\n<p class=\"isSelectedEnd\"><span>To zahrnuje nap\u0159\u00edklad:<\/span><\/p>\n<ul data-spread=\"false\">\n<li><span>kter\u00fd rev\u00edr odpov\u00edd\u00e1 va\u0161im p\u0159edstav\u00e1m<\/span><\/li>\n<li><span>kter\u00e9 modely jachet jsou vhodn\u00e9<\/span><\/li>\n<li><span>jak\u00e9 vybaven\u00ed je \u00fa\u010deln\u00e9<\/span><\/li>\n<li><span>jak\u00e9 smluvn\u00ed modely jsou nab\u00edzeny<\/span><\/li>\n<li><span>jak\u00e9 mo\u017enosti vlastn\u00edho vyu\u017eit\u00ed existuj\u00ed<\/span><\/li>\n<li><span>jak je organizov\u00e1na \u00fadr\u017eba a servis<\/span><\/li>\n<\/ul>\n<p><span>Tak\u00e9 ekonomick\u00e9 aspekty modelu n\u00e1kupu s charterem jsou individu\u00e1ln\u011b vysv\u011btleny a projedn\u00e1ny na z\u00e1klad\u011b va\u0161\u00ed osobn\u00ed situace.<\/span><\/p>\n<\/div><\/div>\n\n<div class=\"et_pb_module et_pb_button_module_wrapper et_pb_button_2_wrapper\"><a class=\"et_pb_button_2 et_pb_button et_pb_bg_layout_light et_pb_module et_block_module\" href=\"https:\/\/www.pitter-yachting.com\/de\/yacht-investment\" target=\"_blank\" rel=\"noopener\">Charter management s Pitter Yachtcharter<\/a><\/div>\n\n<div class=\"et_pb_module et_pb_button_module_wrapper et_pb_button_3_wrapper\"><a class=\"et_pb_button_3 et_pb_button et_pb_bg_layout_light et_pb_module et_block_module\" href=\"https:\/\/www.suncharter.de\/de\/blog\/chartermanagement-bei-sun-charter-ihr-weg-zur-eigenen-yacht\" target=\"_blank\" rel=\"noopener\">Charter management se Sun Charter<\/a><\/div>\n\n<div class=\"et_pb_text_9 et_pb_text et_pb_bg_layout_light et_pb_module et_block_module preset--module--divi-text--default\"><div class=\"et_pb_text_inner\"><h2>V\u00edce ne\u017e charter \u2013 komplexn\u00ed koncept p\u00e9\u010de<\/h2>\n<h4 class=\"isSelectedEnd\"><span>Profesion\u00e1ln\u00ed charter management zahrnuje mnohem v\u00edce ne\u017e pron\u00e1jem jachty.<\/span><\/h4>\n<p class=\"isSelectedEnd\"><strong>Podle programu p\u0159eb\u00edraj\u00ed charterov\u00e9 spole\u010dnosti mimo jin\u00e9:<\/strong><\/p>\n<ul data-spread=\"false\">\n<li><span>marketing jachty<\/span><\/li>\n<li><span>spr\u00e1vu rezervac\u00ed<\/span><\/li>\n<li><span>p\u00e9\u010di o hosty<\/span><\/li>\n<li><span>p\u0159ed\u00e1n\u00ed<\/span><\/li>\n<li><span>p\u0159evzet\u00ed<\/span><\/li>\n<li><span>\u00faklid<\/span><\/li>\n<li><span>\u00fadr\u017eba<\/span><\/li>\n<li><span>technickou podporu<\/span><\/li>\n<li><span>organizaci oprav<\/span><\/li>\n<li><span>zimn\u00ed servis<\/span><\/li>\n<li><span>spr\u00e1vu n\u00e1hradn\u00edch d\u00edl\u016f<\/span><\/li>\n<\/ul>\n<p><span>D\u00edky tomu se mohou vlastn\u00edci soust\u0159edit na to podstatn\u00e9 \u2013 u\u017e\u00edvat si svou jachtu.<\/span><\/p>\n<\/div><\/div>\n<\/div>\n<\/div>\n<\/div>\n\n<div class=\"et_pb_section_5 et_pb_section et_section_regular et_block_section\">\n<div class=\"et_pb_row_5 et_pb_row et_flex_row\">\n<div class=\"et_pb_column_13 et_pb_column et_flex_column et_pb_css_mix_blend_mode_passthrough et_flex_column_16_24 et_flex_column_16_24_tablet et_flex_column_24_24_phone\">\n<div class=\"et_pb_text_10 et_pb_text et_pb_bg_layout_light et_pb_module et_block_module preset--module--divi-text--default\"><div class=\"et_pb_text_inner\"><h3>Kter\u00e1 jachta je vhodn\u00e1 pro charter management?<\/h3>\n<\/div><\/div>\n\n<div class=\"et_pb_text_11 et_pb_text et_pb_bg_layout_light et_pb_module et_block_module preset--module--divi-text--default\"><div class=\"et_pb_text_inner\"><h4 class=\"isSelectedEnd\"><span>Ne ka\u017ed\u00e1 jachta se stejn\u011b hod\u00ed pro ka\u017ed\u00fd charterov\u00fd program.<\/span><\/h4>\n<p class=\"isSelectedEnd\"><span>Spole\u010dn\u011b s v\u00e1mi zjist\u00edme,<\/span><\/p>\n<ul data-spread=\"false\">\n<li><span>jak\u00e1 velikost rev\u00edru je pl\u00e1nov\u00e1na,<\/span><\/li>\n<li><span>kolik kajut je pot\u0159eba,<\/span><\/li>\n<li><span>jak\u00e9 vybaven\u00ed je \u00fa\u010deln\u00e9,<\/span><\/li>\n<li><span>kter\u00e9 modely se obzvl\u00e1\u0161t\u011b osv\u011bd\u010dily,<\/span><\/li>\n<li><span>a kter\u00e1 jachta odpov\u00edd\u00e1 va\u0161im osobn\u00edm po\u017eadavk\u016fm na vyu\u017eit\u00ed.<\/span><\/li>\n<\/ul>\n<p><span>Jako prodejce \u0161pi\u010dkov\u00fdch lod\u011bnic, jako jsou BAVARIA Yachts, Dufour Yachts a Nautitech, v\u00e1s komplexn\u011b porad\u00edme ohledn\u011b aktu\u00e1ln\u00ed modelov\u00e9 \u0159ady a uk\u00e1\u017eeme v\u00e1m p\u0159\u00edslu\u0161n\u00e9 zvl\u00e1\u0161tnosti jednotliv\u00fdch model\u016f.<\/span><\/p>\n<\/div><\/div>\n\n<div class=\"et_pb_text_12 et_pb_text et_pb_bg_layout_light et_pb_module et_flex_module preset--module--divi-text--default\"><div class=\"et_pb_text_inner\"><h2 class=\"isSelectedEnd\">Pro\u010d Yachten Meltl?<\/h2>\n<p class=\"isSelectedEnd\"><strong>S Yachten Meltl profitujete ze siln\u00e9 s\u00edt\u011b a desetilet\u00fdch zku\u0161enost\u00ed.<\/strong><\/p>\n<p class=\"isSelectedEnd\"><span>Va\u0161e v\u00fdhody:<\/span><\/p>\n<ul data-spread=\"false\">\n<li><span>osobn\u00ed poradenstv\u00ed<\/span><\/li>\n<li><span>dlouholet\u00e9 zku\u0161enosti v prodeji jachet<\/span><\/li>\n<li><span>exkluzivn\u00ed prodejce BAVARIA Yachts<\/span><\/li>\n<li><span>dlouholet\u00fd prodejce jachet Dufour, Nautitech, Bente a Nuva<\/span><\/li>\n<li><span>zprost\u0159edkov\u00e1n\u00ed renomovan\u00fdm charterov\u00fdm spole\u010dnostem<\/span><\/li>\n<li><span>siln\u00e1 s\u00ed\u0165 v r\u00e1mci Nautic Alliance<\/span><\/li>\n<li><span>osobn\u00ed kontaktn\u00ed osoby<\/span><\/li>\n<li><span>komplexn\u00ed doprovod b\u011bhem cel\u00e9ho procesu n\u00e1kupu<\/span><\/li>\n<li><span>poradenstv\u00ed i po n\u00e1kupu jachty<\/span><\/li>\n<\/ul>\n<\/div><\/div>\n<\/div>\n\n<div class=\"et_pb_column_14 et_pb_column et-last-child et_flex_column et_pb_css_mix_blend_mode_passthrough et_flex_column_8_24 et_flex_column_8_24_tablet et_flex_column_24_24_phone\">\n<div class=\"et_pb_image_3 et_pb_image et_pb_module et_flex_module\"><span class=\"et_pb_image_wrap\"><img decoding=\"async\" src=\"https:\/\/www.yachten-meltl.de\/wp-content\/uploads\/2026\/03\/Illustration-Segelyacht-schraeg-Transparenz10-scaled.png\" title=\"Illustration-Segelyacht-schr\u00e4g-Transparenz10\" width=\"1284\" height=\"1920\" srcset=\"https:\/\/www.yachten-meltl.de\/wp-content\/uploads\/2026\/03\/Illustration-Segelyacht-schraeg-Transparenz10-scaled.png 1284w, https:\/\/www.yachten-meltl.de\/wp-content\/uploads\/2026\/03\/Illustration-Segelyacht-schraeg-Transparenz10-1280x1914.png 1280w, https:\/\/www.yachten-meltl.de\/wp-content\/uploads\/2026\/03\/Illustration-Segelyacht-schraeg-Transparenz10-980x1465.png 980w, https:\/\/www.yachten-meltl.de\/wp-content\/uploads\/2026\/03\/Illustration-Segelyacht-schraeg-Transparenz10-480x718.png 480w\" sizes=\"(min-width: 0px) and (max-width: 480px) 480px, (min-width: 481px) and (max-width: 980px) 980px, (min-width: 981px) and (max-width: 1280px) 1280px, (min-width: 1281px) 1284px, 100vw\" class=\"wp-image-2037\" alt=\"\"><\/span><\/div>\n\n<div class=\"et_pb_module et_pb_button_module_wrapper et_pb_button_4_wrapper\"><a class=\"et_pb_button_4 et_pb_button et_pb_bg_layout_light et_pb_module et_block_module\" href=\"https:\/\/www.yachten-meltl.de\/kontakt\/\">Nechte se poradit od Yachten Meltl<\/a><\/div>\n<\/div>\n<\/div>\n<\/div>\n\n<div class=\"et_pb_section_6 et_pb_section et_section_regular et_flex_section\">\n<div class=\"et_pb_row_6 et_pb_row et_flex_row\">\n<div class=\"et_pb_column_15 et_pb_column et-last-child et_flex_column et_pb_css_mix_blend_mode_passthrough et_flex_column_24_24 et_flex_column_24_24_tablet et_flex_column_24_24_phone\">\n<div class=\"dnxte_next_faq_0 dnxte_next_faq et_pb_module et_flex_module\"><h2 class=\"next_faq__title\">H\u00e4ufig gestellte Fragen zum Chartermanagement<\/h2><div class=\"dnxte-next-faq-list dnxte-faq-layout-accordion\" data-layout=\"accordion\" data-one-at-a-time=\"on\" data-default-open=\"none\" data-numbering=\"off\" data-animation=\"slideDown\" data-animate-close=\"off\" data-header-animation=\"none\" data-icon-animation=\"rotate\">\n<div class=\"dnxte_next_faq_item_0 dnxte_next_faq_item et_pb_module\"><div class=\"next_faq__item\" id=\"dnxte-faq-dnxte_next_faq_item_0\" data-id=\"dnxte_next_faq_item_0\" data-active-on-load=\"off\" data-category=\"\">\n\t\t\t\t<div class=\"next_faq__header next_faq__header--icon-right\" role=\"button\" tabindex=\"0\" aria-expanded=\"false\" aria-controls=\"dnxte-faq-dnxte_next_faq_item_0-body\">\n\t\t\t\t\t\n\t\t\t\t\t<span class=\"next_faq__question-icon next_faq__question-icon--custom\" aria-hidden=\"true\">7<\/span>\n\t\t\t\t\t<h3 class=\"next_faq__question\">Was ist Chartermanagement?<\/h3>\n\t\t\t\t\t<span class=\"next_faq__icon\" aria-hidden=\"true\"><\/span>\n\t\t\t\t<\/div>\n\t\t\t\t<div class=\"next_faq__body\" id=\"dnxte-faq-dnxte_next_faq_item_0-body\" role=\"region\">\n\t\t\t\t\t<div class=\"next_faq__body-inner\">\n\t\t\t\t\t\t<div class=\"next_faq__answer-wrap next_faq__answer-wrap--img-top\">\n\t\t\t\t\t\t\t\n\t\t\t\t\t\t\t<div class=\"next_faq__answer\"><p>Beim Chartermanagement wird Ihre Yacht professionell von einem erfahrenen Charterunternehmen betreut und an Charterg\u00e4ste vermietet. Das Charterunternehmen \u00fcbernimmt die Organisation des laufenden Charterbetriebs \u2013 von der Vermarktung \u00fcber Buchungen bis hin zu Wartung, Reinigung und G\u00e4steservice. So profitieren Sie von einer professionellen Betreuung, ohne sich selbst um den operativen Betrieb k\u00fcmmern zu m\u00fcssen.<\/p><\/div>\n\t\t\t\t\t\t<\/div>\n\t\t\t\t\t\t\n\t\t\t\t\t\t\n\t\t\t\t\t<\/div>\n\t\t\t\t<\/div>\n\t\t\t<\/div><\/div>\n\n<div class=\"dnxte_next_faq_item_1 dnxte_next_faq_item et_pb_module\"><div class=\"next_faq__item\" id=\"dnxte-faq-dnxte_next_faq_item_1\" data-id=\"dnxte_next_faq_item_1\" data-active-on-load=\"off\" data-category=\"\">\n\t\t\t\t<div class=\"next_faq__header next_faq__header--icon-right\" role=\"button\" tabindex=\"0\" aria-expanded=\"false\" aria-controls=\"dnxte-faq-dnxte_next_faq_item_1-body\">\n\t\t\t\t\t\n\t\t\t\t\t<span class=\"next_faq__question-icon next_faq__question-icon--custom\" aria-hidden=\"true\">7<\/span>\n\t\t\t\t\t<h3 class=\"next_faq__question\">Welche Aufgaben \u00fcbernimmt das Chartermanagement?<\/h3>\n\t\t\t\t\t<span class=\"next_faq__icon\" aria-hidden=\"true\"><\/span>\n\t\t\t\t<\/div>\n\t\t\t\t<div class=\"next_faq__body\" id=\"dnxte-faq-dnxte_next_faq_item_1-body\" role=\"region\">\n\t\t\t\t\t<div class=\"next_faq__body-inner\">\n\t\t\t\t\t\t<div class=\"next_faq__answer-wrap next_faq__answer-wrap--img-top\">\n\t\t\t\t\t\t\t\n\t\t\t\t\t\t\t<div class=\"next_faq__answer\"><p class=\"isSelectedEnd\"><span>Ein professionelles Chartermanagement umfasst unter anderem:<\/span><\/p>\n<ul data-spread=\"false\">\n<li><span>Vermarktung der Yacht<\/span><\/li>\n<li><span>Buchungsabwicklung<\/span><\/li>\n<li><span>G\u00e4stebetreuung<\/span><\/li>\n<li><span>Check-in und Check-out<\/span><\/li>\n<li><span>Reinigung<\/span><\/li>\n<li><span>technische Wartung<\/span><\/li>\n<li><span>Organisation von Reparaturen<\/span><\/li>\n<li><span>Liegeplatzmanagement<\/span><\/li>\n<li><span>Abrechnung und Dokumentation<\/span><\/li>\n<\/ul>\n<p><span>Dadurch bleibt Ihre Yacht w\u00e4hrend der gesamten Saison professionell betreut und einsatzbereit.<br \/><br \/><\/span>Die Unternehmen im Verbund der Nautic Alliance stehen f\u00fcr hohe Qualit\u00e4t, Service und sorgen durch hohe Kundenzufriedenheit und hohes Stammkundenpotential f\u00fcr bestm\u00f6gliche Auslastung.<\/p><\/div>\n\t\t\t\t\t\t<\/div>\n\t\t\t\t\t\t\n\t\t\t\t\t\t\n\t\t\t\t\t<\/div>\n\t\t\t\t<\/div>\n\t\t\t<\/div><\/div>\n\n<div class=\"dnxte_next_faq_item_2 dnxte_next_faq_item et_pb_module\"><div class=\"next_faq__item\" id=\"dnxte-faq-dnxte_next_faq_item_2\" data-id=\"dnxte_next_faq_item_2\" data-active-on-load=\"off\" data-category=\"\">\n\t\t\t\t<div class=\"next_faq__header next_faq__header--icon-right\" role=\"button\" tabindex=\"0\" aria-expanded=\"false\" aria-controls=\"dnxte-faq-dnxte_next_faq_item_2-body\">\n\t\t\t\t\t\n\t\t\t\t\t<span class=\"next_faq__question-icon next_faq__question-icon--custom\" aria-hidden=\"true\">7<\/span>\n\t\t\t\t\t<h3 class=\"next_faq__question\">Wer \u00fcbernimmt das Chartermanagement innerhalb der Nautic Alliance?<\/h3>\n\t\t\t\t\t<span class=\"next_faq__icon\" aria-hidden=\"true\"><\/span>\n\t\t\t\t<\/div>\n\t\t\t\t<div class=\"next_faq__body\" id=\"dnxte-faq-dnxte_next_faq_item_2-body\" role=\"region\">\n\t\t\t\t\t<div class=\"next_faq__body-inner\">\n\t\t\t\t\t\t<div class=\"next_faq__answer-wrap next_faq__answer-wrap--img-top\">\n\t\t\t\t\t\t\t\n\t\t\t\t\t\t\t<div class=\"next_faq__answer\"><p class=\"isSelectedEnd\"><span>Das Chartermanagement wird von erfahrenen Charterunternehmen innerhalb der Nautic Alliance durchgef\u00fchrt. Dazu geh\u00f6ren unter anderem <\/span><strong><span>Pitter Yachtcharter<\/span><\/strong><span>, <\/span><strong><span>Sun Charter<\/span><\/strong><span> und <\/span><strong><span>Noa Yachting<\/span><\/strong><span>.<\/span><\/p>\n<p><span>Diese Unternehmen verf\u00fcgen \u00fcber langj\u00e4hrige Erfahrung im Chartergesch\u00e4ft, betreiben eigene Charterbasen und k\u00fcmmern sich um den operativen Betrieb Ihrer Yacht vor Ort.\u00a0<br \/><\/span>Dank langj\u00e4hriger Erfahrung und einem hohen Stammkundenpotential profitieren Sie von hoher Auslastung Ihrer Charteryacht und bestm\u00f6glichem Werterhalt durch laufende Wartung.<\/p><\/div>\n\t\t\t\t\t\t<\/div>\n\t\t\t\t\t\t\n\t\t\t\t\t\t\n\t\t\t\t\t<\/div>\n\t\t\t\t<\/div>\n\t\t\t<\/div><\/div>\n\n<div class=\"dnxte_next_faq_item_3 dnxte_next_faq_item et_pb_module\"><div class=\"next_faq__item\" id=\"dnxte-faq-dnxte_next_faq_item_3\" data-id=\"dnxte_next_faq_item_3\" data-active-on-load=\"off\" data-category=\"\">\n\t\t\t\t<div class=\"next_faq__header next_faq__header--icon-right\" role=\"button\" tabindex=\"0\" aria-expanded=\"false\" aria-controls=\"dnxte-faq-dnxte_next_faq_item_3-body\">\n\t\t\t\t\t\n\t\t\t\t\t<span class=\"next_faq__question-icon next_faq__question-icon--custom\" aria-hidden=\"true\">7<\/span>\n\t\t\t\t\t<h3 class=\"next_faq__question\">Muss ich mich selbst um Charterg\u00e4ste oder Buchungen k\u00fcmmern?<\/h3>\n\t\t\t\t\t<span class=\"next_faq__icon\" aria-hidden=\"true\"><\/span>\n\t\t\t\t<\/div>\n\t\t\t\t<div class=\"next_faq__body\" id=\"dnxte-faq-dnxte_next_faq_item_3-body\" role=\"region\">\n\t\t\t\t\t<div class=\"next_faq__body-inner\">\n\t\t\t\t\t\t<div class=\"next_faq__answer-wrap next_faq__answer-wrap--img-top\">\n\t\t\t\t\t\t\t\n\t\t\t\t\t\t\t<div class=\"next_faq__answer\"><p class=\"isSelectedEnd\"><span>Nein.<\/span><\/p>\n<p><span>Die gesamte Vermarktung, Buchungsabwicklung sowie die Betreuung der Charterg\u00e4ste \u00fcbernimmt das jeweilige Charterunternehmen. Sie m\u00fcssen weder Anfragen beantworten noch \u00dcbergaben organisieren oder den laufenden Charterbetrieb koordinieren.<\/span><\/p><\/div>\n\t\t\t\t\t\t<\/div>\n\t\t\t\t\t\t\n\t\t\t\t\t\t\n\t\t\t\t\t<\/div>\n\t\t\t\t<\/div>\n\t\t\t<\/div><\/div>\n\n<div class=\"dnxte_next_faq_item_4 dnxte_next_faq_item et_pb_module\"><div class=\"next_faq__item\" id=\"dnxte-faq-dnxte_next_faq_item_4\" data-id=\"dnxte_next_faq_item_4\" data-active-on-load=\"off\" data-category=\"\">\n\t\t\t\t<div class=\"next_faq__header next_faq__header--icon-right\" role=\"button\" tabindex=\"0\" aria-expanded=\"false\" aria-controls=\"dnxte-faq-dnxte_next_faq_item_4-body\">\n\t\t\t\t\t\n\t\t\t\t\t<span class=\"next_faq__question-icon next_faq__question-icon--custom\" aria-hidden=\"true\">7<\/span>\n\t\t\t\t\t<h3 class=\"next_faq__question\">Wer k\u00fcmmert sich um Wartung und Pflege meiner Yacht?<\/h3>\n\t\t\t\t\t<span class=\"next_faq__icon\" aria-hidden=\"true\"><\/span>\n\t\t\t\t<\/div>\n\t\t\t\t<div class=\"next_faq__body\" id=\"dnxte-faq-dnxte_next_faq_item_4-body\" role=\"region\">\n\t\t\t\t\t<div class=\"next_faq__body-inner\">\n\t\t\t\t\t\t<div class=\"next_faq__answer-wrap next_faq__answer-wrap--img-top\">\n\t\t\t\t\t\t\t\n\t\t\t\t\t\t\t<div class=\"next_faq__answer\"><p class=\"isSelectedEnd\"><span>W\u00e4hrend der Charterlaufzeit wird Ihre Yacht regelm\u00e4\u00dfig gewartet, gereinigt und technisch \u00fcberpr\u00fcft.<\/span><\/p>\n<p><span>Nach jeder Charter erfolgen Kontroll- und Servicearbeiten, damit sich die Yacht in einem gepflegten und sicheren Zustand befindet. Der genaue Leistungsumfang richtet sich nach dem jeweiligen Chartermanagement-Vertrag.<\/span><\/p><\/div>\n\t\t\t\t\t\t<\/div>\n\t\t\t\t\t\t\n\t\t\t\t\t\t\n\t\t\t\t\t<\/div>\n\t\t\t\t<\/div>\n\t\t\t<\/div><\/div>\n\n<div class=\"dnxte_next_faq_item_5 dnxte_next_faq_item et_pb_module\"><div class=\"next_faq__item\" id=\"dnxte-faq-dnxte_next_faq_item_5\" data-id=\"dnxte_next_faq_item_5\" data-active-on-load=\"off\" data-category=\"\">\n\t\t\t\t<div class=\"next_faq__header next_faq__header--icon-right\" role=\"button\" tabindex=\"0\" aria-expanded=\"false\" aria-controls=\"dnxte-faq-dnxte_next_faq_item_5-body\">\n\t\t\t\t\t\n\t\t\t\t\t<span class=\"next_faq__question-icon next_faq__question-icon--custom\" aria-hidden=\"true\">7<\/span>\n\t\t\t\t\t<h3 class=\"next_faq__question\">In welchen Revieren kann meine Yacht stationiert werden?<\/h3>\n\t\t\t\t\t<span class=\"next_faq__icon\" aria-hidden=\"true\"><\/span>\n\t\t\t\t<\/div>\n\t\t\t\t<div class=\"next_faq__body\" id=\"dnxte-faq-dnxte_next_faq_item_5-body\" role=\"region\">\n\t\t\t\t\t<div class=\"next_faq__body-inner\">\n\t\t\t\t\t\t<div class=\"next_faq__answer-wrap next_faq__answer-wrap--img-top\">\n\t\t\t\t\t\t\t\n\t\t\t\t\t\t\t<div class=\"next_faq__answer\"><p class=\"isSelectedEnd\"><span>Je nach gew\u00e4hltem Chartermodell stehen verschiedene Charterbasen innerhalb des Netzwerks der Nautic Alliance zur Verf\u00fcgung.<\/span><\/p>\n<p><span>Besonders gefragt sind Liegepl\u00e4tze in den beliebtesten Segelrevieren des Mittelmeers, beispielsweise an der kroatischen Adriak\u00fcste. Weitere Standorte k\u00f6nnen abh\u00e4ngig vom Modell und Charterpartner angeboten werden.<br \/><br \/><\/span>Im Verbund der Nautic Alliance haben Sie au\u00dferdem den Vorteil, dass Sie (abh\u00e4ngig von Verf\u00fcgbarkeiten der Liegepl\u00e4tze) die M\u00f6glichkeit, den Standort Ihrer Yacht zu \u00e4ndern.<\/p>\n<h4 data-path-to-node=\"37\"><\/h4><\/div>\n\t\t\t\t\t\t<\/div>\n\t\t\t\t\t\t\n\t\t\t\t\t\t\n\t\t\t\t\t<\/div>\n\t\t\t\t<\/div>\n\t\t\t<\/div><\/div>\n\n<div class=\"dnxte_next_faq_item_6 dnxte_next_faq_item et_pb_module\"><div class=\"next_faq__item\" id=\"dnxte-faq-dnxte_next_faq_item_6\" data-id=\"dnxte_next_faq_item_6\" data-active-on-load=\"off\" data-category=\"\">\n\t\t\t\t<div class=\"next_faq__header next_faq__header--icon-right\" role=\"button\" tabindex=\"0\" aria-expanded=\"false\" aria-controls=\"dnxte-faq-dnxte_next_faq_item_6-body\">\n\t\t\t\t\t\n\t\t\t\t\t<span class=\"next_faq__question-icon next_faq__question-icon--custom\" aria-hidden=\"true\">7<\/span>\n\t\t\t\t\t<h3 class=\"next_faq__question\">Welche Vorteile bietet professionelles Chartermanagement?<\/h3>\n\t\t\t\t\t<span class=\"next_faq__icon\" aria-hidden=\"true\"><\/span>\n\t\t\t\t<\/div>\n\t\t\t\t<div class=\"next_faq__body\" id=\"dnxte-faq-dnxte_next_faq_item_6-body\" role=\"region\">\n\t\t\t\t\t<div class=\"next_faq__body-inner\">\n\t\t\t\t\t\t<div class=\"next_faq__answer-wrap next_faq__answer-wrap--img-top\">\n\t\t\t\t\t\t\t\n\t\t\t\t\t\t\t<div class=\"next_faq__answer\"><p class=\"isSelectedEnd\"><span>Professionelles Chartermanagement entlastet Yachtbesitzer im Alltag und sorgt f\u00fcr einen reibungslosen Charterbetrieb.<\/span><\/p>\n<p class=\"isSelectedEnd\"><span>Zu den wichtigsten Vorteilen geh\u00f6ren:<\/span><\/p>\n<ul data-spread=\"false\">\n<li><span>professionelle Vermarktung<\/span><\/li>\n<li><span>hohe organisatorische Entlastung<\/span><\/li>\n<li><span>erfahrene Ansprechpartner vor Ort<\/span><\/li>\n<li><span>regelm\u00e4\u00dfige Wartung und Pflege<\/span><\/li>\n<li><span>transparente Abwicklung<\/span><\/li>\n<li><span>etablierte Charterstrukturen<\/span><\/li>\n<li><span>professionelle G\u00e4stebetreuung<\/span><\/li>\n<\/ul><\/div>\n\t\t\t\t\t\t<\/div>\n\t\t\t\t\t\t\n\t\t\t\t\t\t\n\t\t\t\t\t<\/div>\n\t\t\t\t<\/div>\n\t\t\t<\/div><\/div>\n\n<div class=\"dnxte_next_faq_item_7 dnxte_next_faq_item et_pb_module\"><div class=\"next_faq__item\" id=\"dnxte-faq-dnxte_next_faq_item_7\" data-id=\"dnxte_next_faq_item_7\" data-active-on-load=\"off\" data-category=\"\">\n\t\t\t\t<div class=\"next_faq__header next_faq__header--icon-right\" role=\"button\" tabindex=\"0\" aria-expanded=\"false\" aria-controls=\"dnxte-faq-dnxte_next_faq_item_7-body\">\n\t\t\t\t\t\n\t\t\t\t\t<span class=\"next_faq__question-icon next_faq__question-icon--custom\" aria-hidden=\"true\">7<\/span>\n\t\t\t\t\t<h3 class=\"next_faq__question\">Warum erfolgt das Chartermanagement \u00fcber Partner der Nautic Alliance?<\/h3>\n\t\t\t\t\t<span class=\"next_faq__icon\" aria-hidden=\"true\"><\/span>\n\t\t\t\t<\/div>\n\t\t\t\t<div class=\"next_faq__body\" id=\"dnxte-faq-dnxte_next_faq_item_7-body\" role=\"region\">\n\t\t\t\t\t<div class=\"next_faq__body-inner\">\n\t\t\t\t\t\t<div class=\"next_faq__answer-wrap next_faq__answer-wrap--img-top\">\n\t\t\t\t\t\t\t\n\t\t\t\t\t\t\t<div class=\"next_faq__answer\"><p class=\"isSelectedEnd\"><span>Die Nautic Alliance vereint erfahrene Yacht- und Charterunternehmen mit einem internationalen Netzwerk an Charterbasen, Servicepartnern und Fachpersonal.<\/span><\/p>\n<p><span>Yachten Meltl begleitet Sie beim Kauf Ihrer Yacht. Das anschlie\u00dfende Chartermanagement \u00fcbernehmen spezialisierte Partner wie Pitter Yachtcharter, Sun Charter oder Noa Yachting. So profitieren Sie von klaren Zust\u00e4ndigkeiten, hoher Servicequalit\u00e4t und langj\u00e4hriger Erfahrung im professionellen Charterbetrieb.<br \/><br \/><\/span>Bei der Auswahl des richtigen Vercharterers ist es wichtig, auf langj\u00e4hrige Expertise und Sicherheit zu z\u00e4hlen. Dabei sind Sie im Verbund der Nautic Alliance stehts gut betreut.<\/p><\/div>\n\t\t\t\t\t\t<\/div>\n\t\t\t\t\t\t\n\t\t\t\t\t\t\n\t\t\t\t\t<\/div>\n\t\t\t\t<\/div>\n\t\t\t<\/div><\/div>\n\n<div class=\"dnxte_next_faq_item_8 dnxte_next_faq_item et_pb_module\"><div class=\"next_faq__item\" id=\"dnxte-faq-dnxte_next_faq_item_8\" data-id=\"dnxte_next_faq_item_8\" data-active-on-load=\"off\" data-category=\"\">\n\t\t\t\t<div class=\"next_faq__header next_faq__header--icon-right\" role=\"button\" tabindex=\"0\" aria-expanded=\"false\" aria-controls=\"dnxte-faq-dnxte_next_faq_item_8-body\">\n\t\t\t\t\t\n\t\t\t\t\t<span class=\"next_faq__question-icon next_faq__question-icon--custom\" aria-hidden=\"true\">7<\/span>\n\t\t\t\t\t<h3 class=\"next_faq__question\">Kann ich den Investitionsabzugsbetrag (IAB) f\u00fcr ein Yachtinvestment nutzen?<\/h3>\n\t\t\t\t\t<span class=\"next_faq__icon\" aria-hidden=\"true\"><\/span>\n\t\t\t\t<\/div>\n\t\t\t\t<div class=\"next_faq__body\" id=\"dnxte-faq-dnxte_next_faq_item_8-body\" role=\"region\">\n\t\t\t\t\t<div class=\"next_faq__body-inner\">\n\t\t\t\t\t\t<div class=\"next_faq__answer-wrap next_faq__answer-wrap--img-top\">\n\t\t\t\t\t\t\t\n\t\t\t\t\t\t\t<div class=\"next_faq__answer\"><p data-path-to-node=\"48\">Unter bestimmten Voraussetzungen kann ein Yachtinvestment im Rahmen eines gewerblichen Charterbetriebs f\u00fcr den Investitionsabzugsbetrag (IAB) nach \u00a7 7g EStG in Betracht kommen. Ob die Voraussetzungen erf\u00fcllt sind, h\u00e4ngt unter anderem von der geplanten betrieblichen Nutzung, der Unternehmensstruktur und den steuerlichen Rahmenbedingungen ab. Der IAB ist keine automatische Steuerverg\u00fcnstigung und muss stets individuell gepr\u00fcft werden. Deshalb empfiehlt sich eine fr\u00fchzeitige Abstimmung mit einem Steuerberater.<br \/>Der IAB ist dabei eine besonderheit des deutschen Steuerrechtes.<br \/>Mehr Informationen dazu finden Sie in unserem Artikel <a href=\"https:\/\/www.yachten-meltl.de\/services\/yachtinvestment-investitionsabzugsbetrag\/\" title=\"Yachtinvestment und Investitionsabzugsbetrag\">IAB und Yachtinvest<\/a>.<\/p><\/div>\n\t\t\t\t\t\t<\/div>\n\t\t\t\t\t\t\n\t\t\t\t\t\t\n\t\t\t\t\t<\/div>\n\t\t\t\t<\/div>\n\t\t\t<\/div><\/div>\n\n<div class=\"dnxte_next_faq_item_9 dnxte_next_faq_item et_pb_module\"><div class=\"next_faq__item\" id=\"dnxte-faq-dnxte_next_faq_item_9\" data-id=\"dnxte_next_faq_item_9\" data-active-on-load=\"off\" data-category=\"\">\n\t\t\t\t<div class=\"next_faq__header next_faq__header--icon-right\" role=\"button\" tabindex=\"0\" aria-expanded=\"false\" aria-controls=\"dnxte-faq-dnxte_next_faq_item_9-body\">\n\t\t\t\t\t\n\t\t\t\t\t<span class=\"next_faq__question-icon next_faq__question-icon--custom\" aria-hidden=\"true\">7<\/span>\n\t\t\t\t\t<h3 class=\"next_faq__question\">F\u00fcr wen ist ein Yachtinvestment mit IAB besonders interessant?<\/h3>\n\t\t\t\t\t<span class=\"next_faq__icon\" aria-hidden=\"true\"><\/span>\n\t\t\t\t<\/div>\n\t\t\t\t<div class=\"next_faq__body\" id=\"dnxte-faq-dnxte_next_faq_item_9-body\" role=\"region\">\n\t\t\t\t\t<div class=\"next_faq__body-inner\">\n\t\t\t\t\t\t<div class=\"next_faq__answer-wrap next_faq__answer-wrap--img-top\">\n\t\t\t\t\t\t\t\n\t\t\t\t\t\t\t<div class=\"next_faq__answer\"><p data-path-to-node=\"48\">Ein <a href=\"https:\/\/www.yachten-meltl.de\/services\/yachtinvestment-investitionsabzugsbetrag\/\" title=\"Yachtinvestment mit Investitionsabzugsbetrag\">Yachtinvestment mit m\u00f6glicher IAB-Nutzung<\/a> kann insbesondere f\u00fcr Unternehmer, Selbstst\u00e4ndige und gewerblich t\u00e4tige Investoren in Deutschland interessant sein, die den Erwerb einer Yacht im Rahmen eines professionellen Charterbetriebs planen. Entscheidend ist dabei nicht allein die Investition in die Yacht, sondern ein tragf\u00e4higes, auf Gewinnerzielung ausgerichtetes Gesch\u00e4ftsmodell. Yachten Meltl unterst\u00fctzt Sie bei der Auswahl einer geeigneten Yacht und der Konzeption des Yachtinvestments. Die steuerliche Beurteilung und die Pr\u00fcfung, ob ein Investitionsabzugsbetrag oder weitere steuerliche Gestaltungsm\u00f6glichkeiten im Einzelfall genutzt werden k\u00f6nnen, erfolgt durch Ihren Steuerberater.<\/p><\/div>\n\t\t\t\t\t\t<\/div>\n\t\t\t\t\t\t\n\t\t\t\t\t\t\n\t\t\t\t\t<\/div>\n\t\t\t\t<\/div>\n\t\t\t<\/div><\/div>\n<\/div><div class=\"next_faq__empty\" hidden>No results found.<\/div><script type=\"application\/ld+json\">{\"@context\":\"https:\/\/schema.org\",\"@type\":\"FAQPage\",\"mainEntity\":[{\"@type\":\"Question\",\"name\":\"Was ist Chartermanagement?\",\"acceptedAnswer\":{\"@type\":\"Answer\",\"text\":\"<p>Beim Chartermanagement wird Ihre Yacht professionell von einem erfahrenen Charterunternehmen betreut und an Charterg\u00e4ste vermietet. Das Charterunternehmen \u00fcbernimmt die Organisation des laufenden Charterbetriebs \u2013 von der Vermarktung \u00fcber Buchungen bis hin zu Wartung, Reinigung und G\u00e4steservice. So profitieren Sie von einer professionellen Betreuung, ohne sich selbst um den operativen Betrieb k\u00fcmmern zu m\u00fcssen.<\/p>\"}},{\"@type\":\"Question\",\"name\":\"Welche Aufgaben \u00fcbernimmt das Chartermanagement?\",\"acceptedAnswer\":{\"@type\":\"Answer\",\"text\":\"<p>Ein professionelles Chartermanagement umfasst unter anderem:<\/p>\\n<ul>\\n<li>Vermarktung der Yacht<\/li>\\n<li>Buchungsabwicklung<\/li>\\n<li>G\u00e4stebetreuung<\/li>\\n<li>Check-in und Check-out<\/li>\\n<li>Reinigung<\/li>\\n<li>technische Wartung<\/li>\\n<li>Organisation von Reparaturen<\/li>\\n<li>Liegeplatzmanagement<\/li>\\n<li>Abrechnung und Dokumentation<\/li>\\n<\/ul>\\n<p>Dadurch bleibt Ihre Yacht w\u00e4hrend der gesamten Saison professionell betreut und einsatzbereit.<br \/><br \/>Die Unternehmen im Verbund der Nautic Alliance stehen f\u00fcr hohe Qualit\u00e4t, Service und sorgen durch hohe Kundenzufriedenheit und hohes Stammkundenpotential f\u00fcr bestm\u00f6gliche Auslastung.<\/p>\"}},{\"@type\":\"Question\",\"name\":\"Wer \u00fcbernimmt das Chartermanagement innerhalb der Nautic Alliance?\",\"acceptedAnswer\":{\"@type\":\"Answer\",\"text\":\"<p>Das Chartermanagement wird von erfahrenen Charterunternehmen innerhalb der Nautic Alliance durchgef\u00fchrt. Dazu geh\u00f6ren unter anderem <strong>Pitter Yachtcharter<\/strong>, <strong>Sun Charter<\/strong> und <strong>Noa Yachting<\/strong>.<\/p>\\n<p>Diese Unternehmen verf\u00fcgen \u00fcber langj\u00e4hrige Erfahrung im Chartergesch\u00e4ft, betreiben eigene Charterbasen und k\u00fcmmern sich um den operativen Betrieb Ihrer Yacht vor Ort.\u00a0<br \/>Dank langj\u00e4hriger Erfahrung und einem hohen Stammkundenpotential profitieren Sie von hoher Auslastung Ihrer Charteryacht und bestm\u00f6glichem Werterhalt durch laufende Wartung.<\/p>\"}},{\"@type\":\"Question\",\"name\":\"Muss ich mich selbst um Charterg\u00e4ste oder Buchungen k\u00fcmmern?\",\"acceptedAnswer\":{\"@type\":\"Answer\",\"text\":\"<p>Nein.<\/p>\\n<p>Die gesamte Vermarktung, Buchungsabwicklung sowie die Betreuung der Charterg\u00e4ste \u00fcbernimmt das jeweilige Charterunternehmen. Sie m\u00fcssen weder Anfragen beantworten noch \u00dcbergaben organisieren oder den laufenden Charterbetrieb koordinieren.<\/p>\"}},{\"@type\":\"Question\",\"name\":\"Wer k\u00fcmmert sich um Wartung und Pflege meiner Yacht?\",\"acceptedAnswer\":{\"@type\":\"Answer\",\"text\":\"<p>W\u00e4hrend der Charterlaufzeit wird Ihre Yacht regelm\u00e4\u00dfig gewartet, gereinigt und technisch \u00fcberpr\u00fcft.<\/p>\\n<p>Nach jeder Charter erfolgen Kontroll- und Servicearbeiten, damit sich die Yacht in einem gepflegten und sicheren Zustand befindet. Der genaue Leistungsumfang richtet sich nach dem jeweiligen Chartermanagement-Vertrag.<\/p>\"}},{\"@type\":\"Question\",\"name\":\"In welchen Revieren kann meine Yacht stationiert werden?\",\"acceptedAnswer\":{\"@type\":\"Answer\",\"text\":\"<p>Je nach gew\u00e4hltem Chartermodell stehen verschiedene Charterbasen innerhalb des Netzwerks der Nautic Alliance zur Verf\u00fcgung.<\/p>\\n<p>Besonders gefragt sind Liegepl\u00e4tze in den beliebtesten Segelrevieren des Mittelmeers, beispielsweise an der kroatischen Adriak\u00fcste. Weitere Standorte k\u00f6nnen abh\u00e4ngig vom Modell und Charterpartner angeboten werden.<br \/><br \/>Im Verbund der Nautic Alliance haben Sie au\u00dferdem den Vorteil, dass Sie (abh\u00e4ngig von Verf\u00fcgbarkeiten der Liegepl\u00e4tze) die M\u00f6glichkeit, den Standort Ihrer Yacht zu \u00e4ndern.<\/p>\\n\"}},{\"@type\":\"Question\",\"name\":\"Welche Vorteile bietet professionelles Chartermanagement?\",\"acceptedAnswer\":{\"@type\":\"Answer\",\"text\":\"<p>Professionelles Chartermanagement entlastet Yachtbesitzer im Alltag und sorgt f\u00fcr einen reibungslosen Charterbetrieb.<\/p>\\n<p>Zu den wichtigsten Vorteilen geh\u00f6ren:<\/p>\\n<ul>\\n<li>professionelle Vermarktung<\/li>\\n<li>hohe organisatorische Entlastung<\/li>\\n<li>erfahrene Ansprechpartner vor Ort<\/li>\\n<li>regelm\u00e4\u00dfige Wartung und Pflege<\/li>\\n<li>transparente Abwicklung<\/li>\\n<li>etablierte Charterstrukturen<\/li>\\n<li>professionelle G\u00e4stebetreuung<\/li>\\n<\/ul>\"}},{\"@type\":\"Question\",\"name\":\"Warum erfolgt das Chartermanagement \u00fcber Partner der Nautic Alliance?\",\"acceptedAnswer\":{\"@type\":\"Answer\",\"text\":\"<p>Die Nautic Alliance vereint erfahrene Yacht- und Charterunternehmen mit einem internationalen Netzwerk an Charterbasen, Servicepartnern und Fachpersonal.<\/p>\\n<p>Yachten Meltl begleitet Sie beim Kauf Ihrer Yacht. Das anschlie\u00dfende Chartermanagement \u00fcbernehmen spezialisierte Partner wie Pitter Yachtcharter, Sun Charter oder Noa Yachting. So profitieren Sie von klaren Zust\u00e4ndigkeiten, hoher Servicequalit\u00e4t und langj\u00e4hriger Erfahrung im professionellen Charterbetrieb.<br \/><br \/>Bei der Auswahl des richtigen Vercharterers ist es wichtig, auf langj\u00e4hrige Expertise und Sicherheit zu z\u00e4hlen. Dabei sind Sie im Verbund der Nautic Alliance stehts gut betreut.<\/p>\"}},{\"@type\":\"Question\",\"name\":\"Kann ich den Investitionsabzugsbetrag (IAB) f\u00fcr ein Yachtinvestment nutzen?\",\"acceptedAnswer\":{\"@type\":\"Answer\",\"text\":\"<p>Unter bestimmten Voraussetzungen kann ein Yachtinvestment im Rahmen eines gewerblichen Charterbetriebs f\u00fcr den Investitionsabzugsbetrag (IAB) nach \u00a7 7g EStG in Betracht kommen. Ob die Voraussetzungen erf\u00fcllt sind, h\u00e4ngt unter anderem von der geplanten betrieblichen Nutzung, der Unternehmensstruktur und den steuerlichen Rahmenbedingungen ab. Der IAB ist keine automatische Steuerverg\u00fcnstigung und muss stets individuell gepr\u00fcft werden. Deshalb empfiehlt sich eine fr\u00fchzeitige Abstimmung mit einem Steuerberater.<br \/>Der IAB ist dabei eine besonderheit des deutschen Steuerrechtes.<br \/>Mehr Informationen dazu finden Sie in unserem Artikel <a href=\\\"https:\/\/www.yachten-meltl.de\/services\/yachtinvestment-investitionsabzugsbetrag\/\\\">IAB und Yachtinvest<\/a>.<\/p>\"}},{\"@type\":\"Question\",\"name\":\"F\u00fcr wen ist ein Yachtinvestment mit IAB besonders interessant?\",\"acceptedAnswer\":{\"@type\":\"Answer\",\"text\":\"<p>Ein <a href=\\\"https:\/\/www.yachten-meltl.de\/services\/yachtinvestment-investitionsabzugsbetrag\/\\\">Yachtinvestment mit m\u00f6glicher IAB-Nutzung<\/a> kann insbesondere f\u00fcr Unternehmer, Selbstst\u00e4ndige und gewerblich t\u00e4tige Investoren in Deutschland interessant sein, die den Erwerb einer Yacht im Rahmen eines professionellen Charterbetriebs planen. Entscheidend ist dabei nicht allein die Investition in die Yacht, sondern ein tragf\u00e4higes, auf Gewinnerzielung ausgerichtetes Gesch\u00e4ftsmodell. Yachten Meltl unterst\u00fctzt Sie bei der Auswahl einer geeigneten Yacht und der Konzeption des Yachtinvestments. Die steuerliche Beurteilung und die Pr\u00fcfung, ob ein Investitionsabzugsbetrag oder weitere steuerliche Gestaltungsm\u00f6glichkeiten im Einzelfall genutzt werden k\u00f6nnen, erfolgt durch Ihren Steuerberater.<\/p>\"}}]}<\/script><\/div>\n<\/div>\n<\/div>\n<\/div>","protected":false},"excerpt":{"rendered":"<p>Co znamen\u00e1 charter management? Zjist\u011bte, jak funguje n\u00e1kup s charterem a jak Yachten Meltl spole\u010dn\u011b s charterov\u00fdmi partnery Nautic Alliance komplexn\u011b doprov\u00e1z\u00ed kupce jachet. <\/p>\n","protected":false},"author":1,"featured_media":0,"parent":3795,"menu_order":10,"comment_status":"closed","ping_status":"closed","template":"","meta":{"footnotes":""},"class_list":["post-4755","page","type-page","status-publish","hentry"],"_links":{"self":[{"href":"https:\/\/www.yachten-meltl.de\/cs\/wp-json\/wp\/v2\/pages\/4755","targetHints":{"allow":["GET"]}}],"collection":[{"href":"https:\/\/www.yachten-meltl.de\/cs\/wp-json\/wp\/v2\/pages"}],"about":[{"href":"https:\/\/www.yachten-meltl.de\/cs\/wp-json\/wp\/v2\/types\/page"}],"author":[{"embeddable":true,"href":"https:\/\/www.yachten-meltl.de\/cs\/wp-json\/wp\/v2\/users\/1"}],"replies":[{"embeddable":true,"href":"https:\/\/www.yachten-meltl.de\/cs\/wp-json\/wp\/v2\/comments?post=4755"}],"version-history":[{"count":4,"href":"https:\/\/www.yachten-meltl.de\/cs\/wp-json\/wp\/v2\/pages\/4755\/revisions"}],"predecessor-version":[{"id":5667,"href":"https:\/\/www.yachten-meltl.de\/cs\/wp-json\/wp\/v2\/pages\/4755\/revisions\/5667"}],"up":[{"embeddable":true,"href":"https:\/\/www.yachten-meltl.de\/cs\/wp-json\/wp\/v2\/pages\/3795"}],"wp:attachment":[{"href":"https:\/\/www.yachten-meltl.de\/cs\/wp-json\/wp\/v2\/media?parent=4755"}],"curies":[{"name":"wp","href":"https:\/\/api.w.org\/{rel}","templated":true}]}}