{"id":4753,"date":"2025-10-22T16:29:07","date_gmt":"2025-10-22T14:29:07","guid":{"rendered":"https:\/\/www.yachten-meltl.de\/handel-jachtami\/inwestycje-w-jachty\/zarzadzania-czarterem\/"},"modified":"2026-08-05T09:19:21","modified_gmt":"2026-08-05T07:19:21","slug":"zarzadzania-czarterem","status":"publish","type":"page","link":"https:\/\/www.yachten-meltl.de\/pl\/handel-jachtami\/inwestycje-w-jachty\/zarzadzania-czarterem\/","title":{"rendered":"zarz\u0105dzania czarterem"},"content":{"rendered":"<div class=\"et_pb_section_0 et_pb_section et_section_specialty et_pb_equal_columns et_pb_gutters1 et_block_section\"><div class=\"et_pb_row et_block_row\">\n<div class=\"et_pb_column_0 et_pb_column et_pb_column_single et_pb_column_1_2 et_block_column et_pb_css_mix_blend_mode_passthrough\">\n<div class=\"et_pb_text_0 et_pb_text et_pb_bg_layout_light et_pb_module et_block_module preset--module--divi-text--default\"><div class=\"et_pb_text_inner\"><h1>Profesjonalne zarz\u0105dzanie czarterami  <\/h1>\n<h3><span style=\"color: #ffffff;\">  Inwestuj bez zmartwie\u0144, \u017cegluj bez stresu.<\/span><\/h3>\n<\/div><\/div>\n\n<div class=\"et_pb_text_1 et_pb_text et_pb_bg_layout_light et_pb_module et_flex_module preset--module--divi-text--default\"><div class=\"et_pb_text_inner\"><h4><span style=\"color: #ffffff;\">My przejmujemy prac\u0119, Ty cieszysz si\u0119 korzy\u015bciami. Dowiedz si\u0119, jak gwarantujemy utrzymanie warto\u015bci Twojego jachtu w najlepszych marinach Morza \u015ar\u00f3dziemnego. <\/span><\/h4>\n<\/div><\/div>\n<\/div>\n\n<div class=\"et_pb_column_1 et_pb_column et_pb_specialty_column et_pb_column_1_2 et-last-child et_block_column et_pb_column_empty et_pb_css_mix_blend_mode_passthrough\"><\/div>\n<\/div><\/div>\n\n<div class=\"et_pb_section_1 et_pb_section et_section_regular et_block_section\">\n<div class=\"et_pb_row_0 et_pb_row et_flex_row\">\n<div class=\"et_pb_column_2 et_pb_column et_flex_column et_pb_css_mix_blend_mode_passthrough et_flex_column_16_24 et_flex_column_16_24_tablet et_flex_column_24_24_phone\">\n<div class=\"et_pb_text_2 et_pb_text et_pb_bg_layout_light et_pb_module et_block_module preset--module--divi-text--default\"><div class=\"et_pb_text_inner\"><h3>Co to jest zarz\u0105dzanie czarterem?<\/h3>\n<\/div><\/div>\n\n<div class=\"et_pb_text_3 et_pb_text et_pb_bg_layout_light et_pb_module et_block_module preset--module--divi-text--default\"><div class=\"et_pb_text_inner\"><p class=\"isSelectedEnd\"><span>Zarz\u0105dzanie czarterem to profesjonalna opieka nad jachtem, kt\u00f3ry opr\u00f3cz u\u017cytku prywatnego jest r\u00f3wnie\u017c wykorzystywany w dzia\u0142alno\u015bci czarterowej. Jako w\u0142a\u015bciciel pozostajesz w\u0142a\u015bcicielem swojego jachtu, podczas gdy do\u015bwiadczony partner czarterowy przejmuje jego operacyjne zarz\u0105dzanie. <\/span><\/p>\n<p class=\"isSelectedEnd\"><span>Obejmuje to mi\u0119dzy innymi marketing jachtu, obs\u0142ug\u0119 go\u015bci czarterowych, organizacj\u0119 techniczn\u0105, prace konserwacyjne oraz liczne zadania administracyjne. Celem jest profesjonalne zarz\u0105dzanie jachtem przy jednoczesnym znacznym zmniejszeniu nak\u0142ad\u00f3w pracy dla w\u0142a\u015bciciela. <\/span><\/p>\n<p><span>Yachten Meltl towarzyszy Ci w wyborze odpowiedniego jachtu i z zaufaniem kieruje Ci\u0119 do do\u015bwiadczonych firm czarterowych w ramach Nautic Alliance. Tam otrzymasz indywidualne doradztwo dotycz\u0105ce mo\u017cliwych akwen\u00f3w, odpowiednich modeli jacht\u00f3w, modeli um\u00f3w i warunk\u00f3w programu czarteru z opcj\u0105 zakupu. <\/span><\/p>\n<\/div><\/div>\n\n<div class=\"et_pb_text_4 et_pb_text et_pb_bg_layout_light et_pb_module et_flex_module preset--module--divi-text--default\"><div class=\"et_pb_text_inner\"><h2 class=\"isSelectedEnd\">Jak dzia\u0142a zarz\u0105dzanie czarterem<\/h2>\n<h4 class=\"isSelectedEnd\"><span>Droga do w\u0142asnego jachtu czarterowego zaczyna si\u0119 od osobistej konsultacji.<\/span><\/h4>\n<p class=\"isSelectedEnd\"><span>Wsp\u00f3lnie z Tob\u0105 najpierw wyja\u015bnimy, kt\u00f3ry jacht odpowiada Twoim wyobra\u017ceniom i jak zamierzasz go wykorzystywa\u0107 w przysz\u0142o\u015bci.<\/span><\/p>\n<p class=\"isSelectedEnd\"><span>Nast\u0119pnie skierujemy Ci\u0119 do odpowiedniego partnera czarterowego w ramach Nautic Alliance. Tam indywidualnie om\u00f3wione zostan\u0105 mi\u0119dzy innymi nast\u0119puj\u0105ce kwestie: <\/span><\/p>\n<ul data-spread=\"false\">\n<li><span>po\u017c\u0105dany akwen czarterowy<\/span><\/li>\n<li><span>odpowiednie modele jacht\u00f3w<\/span><\/li>\n<li><span>okresy obowi\u0105zywania um\u00f3w<\/span><\/li>\n<li><span>u\u017cytkowanie w\u0142asne<\/span><\/li>\n<li><span>us\u0142ug serwisowych<\/span><\/li>\n<li><span>Opiek\u0119 techniczn\u0105<\/span><\/li>\n<li><span>ekonomiczne warunki ramowe<\/span><\/li>\n<\/ul>\n<p><span>W ten spos\u00f3b powstaje koncepcja, kt\u00f3ra odpowiada Twoim osobistym oczekiwaniom.<\/span><\/p>\n<\/div><\/div>\n<\/div>\n\n<div class=\"et_pb_column_3 et_pb_column et-last-child et_flex_column et_pb_css_mix_blend_mode_passthrough et_flex_column_8_24 et_flex_column_8_24_tablet et_flex_column_24_24_phone\">\n<div class=\"et_pb_image_0 et_pb_image et_pb_module et_flex_module\"><span class=\"et_pb_image_wrap\"><img decoding=\"async\" src=\"https:\/\/www.yachten-meltl.de\/wp-content\/uploads\/2026\/03\/Illustration-Segelyacht-schraeg-Transparenz10-scaled.png\" title=\"Ilustracja-Jacht-\u017caglowy-uko\u015bnie-Przezroczysto\u015b\u010710\" width=\"1284\" height=\"1920\" srcset=\"https:\/\/www.yachten-meltl.de\/wp-content\/uploads\/2026\/03\/Illustration-Segelyacht-schraeg-Transparenz10-scaled.png 1284w, https:\/\/www.yachten-meltl.de\/wp-content\/uploads\/2026\/03\/Illustration-Segelyacht-schraeg-Transparenz10-1280x1914.png 1280w, https:\/\/www.yachten-meltl.de\/wp-content\/uploads\/2026\/03\/Illustration-Segelyacht-schraeg-Transparenz10-980x1465.png 980w, https:\/\/www.yachten-meltl.de\/wp-content\/uploads\/2026\/03\/Illustration-Segelyacht-schraeg-Transparenz10-480x718.png 480w\" sizes=\"(min-width: 0px) and (max-width: 480px) 480px, (min-width: 481px) and (max-width: 980px) 980px, (min-width: 981px) and (max-width: 1280px) 1280px, (min-width: 1281px) 1284px, 100vw\" class=\"wp-image-2037\" alt=\"\"><\/span><\/div>\n\n<div class=\"et_pb_module et_pb_button_module_wrapper et_pb_button_0_wrapper\"><a class=\"et_pb_button_0 et_pb_button et_pb_bg_layout_light et_pb_module et_block_module\" href=\"https:\/\/www.yachten-meltl.de\/yachthandel\/yachtinvest\/\">Wi\u0119cej o programach dla w\u0142a\u015bcicieli jacht\u00f3w<\/a><\/div>\n\n<div class=\"et_pb_image_1 et_pb_image et_pb_module et_flex_module\"><span class=\"et_pb_image_wrap\"><img decoding=\"async\" src=\"https:\/\/www.yachten-meltl.de\/wp-content\/uploads\/2026\/07\/Bavaria-Voyager-45_Yachten-Meltl-Schauraum-besichtigen-1.jpg\" title=\"Bavaria Voyager-45_Yachten-Meltl-Schauraum-besichtigen (1)\" width=\"740\" height=\"555\" srcset=\"https:\/\/www.yachten-meltl.de\/wp-content\/uploads\/2026\/07\/Bavaria-Voyager-45_Yachten-Meltl-Schauraum-besichtigen-1.jpg 740w, https:\/\/www.yachten-meltl.de\/wp-content\/uploads\/2026\/07\/Bavaria-Voyager-45_Yachten-Meltl-Schauraum-besichtigen-1-480x360.jpg 480w\" sizes=\"(min-width: 0px) and (max-width: 480px) 480px, (min-width: 481px) 740px, 100vw\" class=\"wp-image-4463\" alt=\"\"><\/span><\/div>\n<\/div>\n<\/div>\n<\/div>\n\n<div class=\"et_pb_section_2 et_pb_section et_section_regular et_flex_section\">\n<div class=\"et_pb_row_1 et_pb_row et_flex_row\">\n<div class=\"et_pb_column_4 et_pb_column et_flex_column et_pb_css_mix_blend_mode_passthrough et_flex_column_1_5 et_flex_column_12_24_tablet et_flex_column_24_24_phone\">\n<div class=\"et_pb_blurb_0 et_pb_blurb et_pb_bg_layout_light et_pb_blurb_position_top et_clickable et_pb_module et_block_module\"><div class=\"et_pb_blurb_content\"><div class=\"et_pb_main_blurb_image et_animated\"><span class=\"et_pb_image_wrap et_pb_only_image_mode_wrap\"><img decoding=\"async\" src=\"https:\/\/www.yachten-meltl.de\/wp-content\/uploads\/2025\/10\/Bavaria_c45-ex-04.jpg\" alt=\"Bavaria Yachts \u00a9 www.yacht-shot.com Stuart Pearce\" width=\"900\" height=\"600\" srcset=\"https:\/\/www.yachten-meltl.de\/wp-content\/uploads\/2025\/10\/Bavaria_c45-ex-04.jpg 900w, https:\/\/www.yachten-meltl.de\/wp-content\/uploads\/2025\/10\/Bavaria_c45-ex-04-480x320.jpg 480w\" sizes=\"(min-width: 0px) and (max-width: 480px) 480px, (min-width: 481px) 900px, 100vw\" class=\"wp-image-208\" title=\"\"><\/span><\/div><div class=\"et_pb_blurb_container\"><h4 class=\"et_pb_module_header\">Bavaria Yachts<\/h4><\/div><\/div><\/div>\n<\/div>\n\n<div class=\"et_pb_column_5 et_pb_column et_flex_column et_pb_css_mix_blend_mode_passthrough et_flex_column_1_5 et_flex_column_12_24_tablet et_flex_column_24_24_phone\">\n<div class=\"et_pb_blurb_1 et_pb_blurb et_pb_bg_layout_light et_pb_blurb_position_top et_clickable et_pb_module et_block_module\"><div class=\"et_pb_blurb_content\"><div class=\"et_pb_main_blurb_image et_animated\"><span class=\"et_pb_image_wrap et_pb_only_image_mode_wrap\"><img decoding=\"async\" src=\"https:\/\/www.yachten-meltl.de\/wp-content\/uploads\/2025\/10\/DUFOUR-32-JM_LIOT__55.jpg\" alt=\"DUFOUR 32 photo \u00a9 Jean-Marie LIOT \/ jmliot.com\" width=\"900\" height=\"600\" srcset=\"https:\/\/www.yachten-meltl.de\/wp-content\/uploads\/2025\/10\/DUFOUR-32-JM_LIOT__55.jpg 900w, https:\/\/www.yachten-meltl.de\/wp-content\/uploads\/2025\/10\/DUFOUR-32-JM_LIOT__55-480x320.jpg 480w\" sizes=\"(min-width: 0px) and (max-width: 480px) 480px, (min-width: 481px) 900px, 100vw\" class=\"wp-image-210\" title=\"\"><\/span><\/div><div class=\"et_pb_blurb_container\"><h4 class=\"et_pb_module_header\">Dufour Yachts<\/h4><\/div><\/div><\/div>\n<\/div>\n\n<div class=\"et_pb_column_6 et_pb_column et_flex_column et_pb_css_mix_blend_mode_passthrough et_flex_column_1_5 et_flex_column_12_24_tablet et_flex_column_24_24_phone\">\n<div class=\"et_pb_blurb_2 et_pb_blurb et_pb_bg_layout_light et_pb_blurb_position_top et_clickable et_pb_module et_block_module\"><div class=\"et_pb_blurb_content\"><div class=\"et_pb_main_blurb_image et_animated\"><span class=\"et_pb_image_wrap et_pb_only_image_mode_wrap\"><img decoding=\"async\" src=\"https:\/\/www.yachten-meltl.de\/wp-content\/uploads\/2025\/10\/Bente_Gennaker_von_Seite_schraeg_hinten.jpg\" alt=\"Bente Gennaker\" width=\"900\" height=\"600\" srcset=\"https:\/\/www.yachten-meltl.de\/wp-content\/uploads\/2025\/10\/Bente_Gennaker_von_Seite_schraeg_hinten.jpg 900w, https:\/\/www.yachten-meltl.de\/wp-content\/uploads\/2025\/10\/Bente_Gennaker_von_Seite_schraeg_hinten-480x320.jpg 480w\" sizes=\"(min-width: 0px) and (max-width: 480px) 480px, (min-width: 481px) 900px, 100vw\" class=\"wp-image-209\" title=\"\"><\/span><\/div><div class=\"et_pb_blurb_container\"><h4 class=\"et_pb_module_header\">Bente Yachts<\/h4><\/div><\/div><\/div>\n<\/div>\n\n<div class=\"et_pb_column_7 et_pb_column et_flex_column et_pb_css_mix_blend_mode_passthrough et_flex_column_1_5 et_flex_column_12_24_tablet et_flex_column_24_24_phone\">\n<div class=\"et_pb_blurb_3 et_pb_blurb et_pb_bg_layout_light et_pb_blurb_position_top et_clickable et_pb_module et_block_module\"><div class=\"et_pb_blurb_content\"><div class=\"et_pb_main_blurb_image et_animated\"><span class=\"et_pb_image_wrap et_pb_only_image_mode_wrap\"><img decoding=\"async\" src=\"https:\/\/www.yachten-meltl.de\/wp-content\/uploads\/2025\/11\/NAUTITECH_41_TYPE_S__9_.jpg\" width=\"1920\" height=\"1017\" srcset=\"https:\/\/www.yachten-meltl.de\/wp-content\/uploads\/2025\/11\/NAUTITECH_41_TYPE_S__9_.jpg 1920w, https:\/\/www.yachten-meltl.de\/wp-content\/uploads\/2025\/11\/NAUTITECH_41_TYPE_S__9_-1280x678.jpg 1280w, https:\/\/www.yachten-meltl.de\/wp-content\/uploads\/2025\/11\/NAUTITECH_41_TYPE_S__9_-980x519.jpg 980w, https:\/\/www.yachten-meltl.de\/wp-content\/uploads\/2025\/11\/NAUTITECH_41_TYPE_S__9_-480x254.jpg 480w\" sizes=\"(min-width: 0px) and (max-width: 480px) 480px, (min-width: 481px) and (max-width: 980px) 980px, (min-width: 981px) and (max-width: 1280px) 1280px, (min-width: 1281px) 1920px, 100vw\" class=\"wp-image-362\" alt=\"Bente Gennaker\" title=\"\"><\/span><\/div><div class=\"et_pb_blurb_container\"><h4 class=\"et_pb_module_header\">Nautitech<\/h4><\/div><\/div><\/div>\n<\/div>\n\n<div class=\"et_pb_column_8 et_pb_column et-last-child et_flex_column et_pb_css_mix_blend_mode_passthrough et_flex_column_1_5 et_flex_column_12_24_tablet et_flex_column_24_24_phone\">\n<div class=\"et_pb_blurb_4 et_pb_blurb et_pb_bg_layout_light et_pb_blurb_position_top et_clickable et_pb_module et_block_module\"><div class=\"et_pb_blurb_content\"><div class=\"et_pb_main_blurb_image et_animated\"><span class=\"et_pb_image_wrap et_pb_only_image_mode_wrap\"><img decoding=\"async\" src=\"https:\/\/www.yachten-meltl.de\/wp-content\/uploads\/2025\/11\/NUVA-M9_Cabin_White.jpg\" width=\"900\" height=\"600\" srcset=\"https:\/\/www.yachten-meltl.de\/wp-content\/uploads\/2025\/11\/NUVA-M9_Cabin_White.jpg 900w, https:\/\/www.yachten-meltl.de\/wp-content\/uploads\/2025\/11\/NUVA-M9_Cabin_White-480x320.jpg 480w\" sizes=\"(min-width: 0px) and (max-width: 480px) 480px, (min-width: 481px) 900px, 100vw\" class=\"wp-image-363\" alt=\"Bente Gennaker\" title=\"\"><\/span><\/div><div class=\"et_pb_blurb_container\"><h4 class=\"et_pb_module_header\">Nuva Yachts<\/h4><\/div><\/div><\/div>\n<\/div>\n<\/div>\n<\/div>\n\n<div class=\"et_pb_section_3 et_pb_section et_section_regular et_flex_section\">\n<div class=\"et_pb_row_2 et_pb_row et_flex_row\">\n<div class=\"et_pb_column_9 et_pb_column et-last-child et_flex_column et_pb_css_mix_blend_mode_passthrough et_flex_column_24_24 et_flex_column_24_24_tablet et_flex_column_24_24_phone\">\n<div class=\"et_pb_heading_0 et_pb_heading et_pb_module et_flex_module\"><div class=\"et_pb_heading_container\"><h3 class=\"et_pb_module_header\">Kto jest za co odpowiedzialny w zarz\u0105dzaniu czarterem?<\/h3><\/div><\/div>\n\n<div class=\"et_pb_text_5 et_pb_text et_pb_bg_layout_light et_pb_module et_flex_module preset--module--divi-text--default\"><div class=\"et_pb_text_inner\"><ul>\n<li>\n<p data-path-to-node=\"11,1,0,0\"><b data-path-to-node=\"11,1,0,0\" data-index-in-node=\"0\">Ty (W\u0142a\u015bciciel):<\/b> Nabywasz jacht (np. model Bavaria, Dufour, Nautitech itd.) i cieszysz si\u0119 stop\u0105 zwrotu oraz tygodniami w\u0142a\u015bcicielskimi podczas urlopu.<\/p>\n<\/li>\n<li>\n<p data-path-to-node=\"11,1,1,0\"><b data-path-to-node=\"11,1,1,0\" data-index-in-node=\"0\">Yachten Meltl:<\/b> Konfiguruje, dostarcza i przekazuje jacht w idealnym stanie do bazy czarterowej.<\/p>\n<\/li>\n<li>\n<p data-path-to-node=\"11,1,2,0\"><b data-path-to-node=\"11,1,2,0\" data-index-in-node=\"0\">Partner czarterowy (np. firmy czarterowe takie jak Pitter Yachtcharter, Sun Charter lub Noa Yachting, w ramach Nautic Alliance):<\/b> Przejmuje organizacj\u0119 miejsca postojowego, marketing, serwis rezerwacyjny, sprz\u0105tanie, konserwacj\u0119 oraz check-in\/check-out go\u015bci na miejscu.<\/p>\n<\/li>\n<\/ul>\n<\/div><\/div>\n<\/div>\n<\/div>\n<\/div>\n\n<div class=\"et_pb_section_4 et_pb_section et_section_regular et_flex_section\">\n<div class=\"et_pb_row_3 et_pb_row et_flex_row\">\n<div class=\"et_pb_column_10 et_pb_column et_flex_column et_pb_css_mix_blend_mode_passthrough et_flex_column_12_24 et_flex_column_12_24_tablet et_flex_column_24_24_phone\">\n<div class=\"et_pb_text_6 et_pb_text et_pb_bg_layout_light et_pb_module et_block_module preset--module--divi-text--default\"><div class=\"et_pb_text_inner\"><h2>Yachten Meltl \u2013 Tw\u00f3j partner w zakupie jachtu<\/h2>\n<p class=\"isSelectedEnd\"><span>Jako wieloletni dealer jacht\u00f3w BAVARIA, Yachten Meltl towarzyszy Ci w wyborze jachtu i kompleksowo doradza w zakresie r\u00f3\u017cnych mo\u017cliwo\u015bci modelu czarteru z opcj\u0105 zakupu.<\/span><\/p>\n<p class=\"isSelectedEnd\"><span>Dzi\u0119ki naszemu wieloletniemu do\u015bwiadczeniu znamy wymagania r\u00f3\u017cnych program\u00f3w czarterowych i wspieramy Ci\u0119 w znalezieniu odpowiedniego jachtu do Twoich cel\u00f3w.<\/span><\/p>\n<p><span>Nasze zadanie nie ko\u0144czy si\u0119 na zakupie jachtu. Na \u017cyczenie towarzyszymy Ci r\u00f3wnie\u017c w koordynacji z partnerami czarterowymi i jeste\u015bmy do Twojej dyspozycji jako osobisty punkt kontaktowy przez ca\u0142y proces decyzyjny. <\/span><\/p>\n<\/div><\/div>\n\n<div class=\"et_pb_text_7 et_pb_text et_pb_bg_layout_light et_pb_module et_block_module preset--module--divi-text--default\"><div class=\"et_pb_text_inner\"><h3>Silna sie\u0107 Nautic Alliance<\/h3>\n<h4 class=\"isSelectedEnd\"><span>Istotn\u0105 zalet\u0105 dla naszych klient\u00f3w jest sie\u0107 Nautic Alliance.<\/span><\/h4>\n<p class=\"isSelectedEnd\"><span>Tutaj \u015bci\u015ble wsp\u00f3\u0142pracuj\u0105 do\u015bwiadczone firmy z bran\u017cy sprzeda\u017cy jacht\u00f3w, czarteru, serwisu i wsparcia technicznego.<\/span><\/p>\n<p class=\"isSelectedEnd\"><span>Do naszych wieloletnich partner\u00f3w nale\u017c\u0105 mi\u0119dzy innymi <\/span><strong><span>Pitter Yachtcharter<\/span><\/strong><span> oraz <\/span><strong><span>Sun Charter<\/span><\/strong><span>.<\/span><\/p>\n<p class=\"isSelectedEnd\"><span>Dzi\u0119ki licznym bazom czarterowym w Chorwacji i innych akwenach, wieloletniemu do\u015bwiadczeniu i wysokiemu odsetkowi sta\u0142ych klient\u00f3w, obie firmy posiadaj\u0105 doskona\u0142e warunki do profesjonalnej dzia\u0142alno\u015bci czarterowej.<\/span><\/p>\n<p><span>W zale\u017cno\u015bci od Twoich \u017cycze\u0144, skontaktujemy Ci\u0119 z odpowiedni\u0105 firm\u0105 czarterow\u0105 w ramach Nautic Alliance.<\/span><\/p>\n<\/div><\/div>\n\n<div class=\"et_pb_row_4 et_pb_row et_pb_row_nested et_block_row\">\n<div class=\"et_pb_column_11 et_pb_column et_pb_column_4_4 et-last-child et_block_column et_pb_css_mix_blend_mode_passthrough\">\n<div class=\"et_pb_module et_pb_button_module_wrapper et_pb_button_1_wrapper\"><a class=\"et_pb_button_1 et_pb_button et_pb_bg_layout_light et_pb_module et_block_module\" href=\"https:\/\/www.yachten-meltl.de\/yachten-meltl\/partner-kooperationen\/nautic-alliance\/\">Nasze partnerstwo z Nautic Alliance<\/a><\/div>\n\n<div class=\"et_pb_image_2 et_pb_image et_pb_module et_flex_module\"><span class=\"et_pb_image_wrap\"><img decoding=\"async\" src=\"https:\/\/www.yachten-meltl.de\/wp-content\/uploads\/2026\/02\/Bavaria_C-LINE-Fleet-50.jpg\" alt=\"Flota Bavaria C-Line\" title=\"Bavaria_C-LINE-Fleet-50\" width=\"1920\" height=\"1438\" srcset=\"https:\/\/www.yachten-meltl.de\/wp-content\/uploads\/2026\/02\/Bavaria_C-LINE-Fleet-50.jpg 1920w, https:\/\/www.yachten-meltl.de\/wp-content\/uploads\/2026\/02\/Bavaria_C-LINE-Fleet-50-1280x959.jpg 1280w, https:\/\/www.yachten-meltl.de\/wp-content\/uploads\/2026\/02\/Bavaria_C-LINE-Fleet-50-980x734.jpg 980w, https:\/\/www.yachten-meltl.de\/wp-content\/uploads\/2026\/02\/Bavaria_C-LINE-Fleet-50-480x360.jpg 480w\" sizes=\"(min-width: 0px) and (max-width: 480px) 480px, (min-width: 481px) and (max-width: 980px) 980px, (min-width: 981px) and (max-width: 1280px) 1280px, (min-width: 1281px) 1920px, 100vw\" class=\"wp-image-1016\" \/><\/span><\/div>\n<\/div>\n<\/div>\n<\/div>\n\n<div class=\"et_pb_column_12 et_pb_column et-last-child et_flex_column et_pb_css_mix_blend_mode_passthrough et_flex_column_12_24 et_flex_column_12_24_tablet et_flex_column_24_24_phone\">\n<div class=\"et_pb_text_8 et_pb_text et_pb_bg_layout_light et_pb_module et_block_module preset--module--divi-text--default\"><div class=\"et_pb_text_inner\"><h3>Osobiste doradztwo do\u015bwiadczonych partner\u00f3w czarterowych<\/h3>\n<p class=\"isSelectedEnd\"><span>Nasi partnerzy czarterowi indywidualnie doradz\u0105 Ci we wszystkich wa\u017cnych kwestiach dotycz\u0105cych danego programu dla w\u0142a\u015bcicieli.<\/span><\/p>\n<p class=\"isSelectedEnd\"><span>Obejmuje to na przyk\u0142ad:<\/span><\/p>\n<ul data-spread=\"false\">\n<li><span>jaki akwen odpowiada Twoim wyobra\u017ceniom<\/span><\/li>\n<li><span>jakie modele jacht\u00f3w s\u0105 odpowiednie<\/span><\/li>\n<li><span>jakie wyposa\u017cenie jest sensowne<\/span><\/li>\n<li><span>jakie modele um\u00f3w s\u0105 oferowane<\/span><\/li>\n<li><span>jakie istniej\u0105 mo\u017cliwo\u015bci u\u017cytkowania w\u0142asnego<\/span><\/li>\n<li><span>jak zorganizowane s\u0105 konserwacja i serwis<\/span><\/li>\n<\/ul>\n<p><span>R\u00f3wnie\u017c aspekty ekonomiczne modelu czarteru z opcj\u0105 zakupu s\u0105 indywidualnie wyja\u015bniane i omawiane w oparciu o Twoj\u0105 osobist\u0105 sytuacj\u0119.<\/span><\/p>\n<\/div><\/div>\n\n<div class=\"et_pb_module et_pb_button_module_wrapper et_pb_button_2_wrapper\"><a class=\"et_pb_button_2 et_pb_button et_pb_bg_layout_light et_pb_module et_block_module\" href=\"https:\/\/www.pitter-yachting.com\/de\/yacht-investment\" target=\"_blank\" rel=\"noopener\">Zarz\u0105dzanie czarterem z Pitter Yachtcharter<\/a><\/div>\n\n<div class=\"et_pb_module et_pb_button_module_wrapper et_pb_button_3_wrapper\"><a class=\"et_pb_button_3 et_pb_button et_pb_bg_layout_light et_pb_module et_block_module\" href=\"https:\/\/www.suncharter.de\/de\/blog\/chartermanagement-bei-sun-charter-ihr-weg-zur-eigenen-yacht\" target=\"_blank\" rel=\"noopener\">Zarz\u0105dzanie czarterem z Sun Charter<\/a><\/div>\n\n<div class=\"et_pb_text_9 et_pb_text et_pb_bg_layout_light et_pb_module et_block_module preset--module--divi-text--default\"><div class=\"et_pb_text_inner\"><h2>Wi\u0119cej ni\u017c czarter \u2013 kompleksowa koncepcja opieki<\/h2>\n<h4 class=\"isSelectedEnd\"><span>Profesjonalne zarz\u0105dzanie czarterem obejmuje znacznie wi\u0119cej ni\u017c wynajem jachtu.<\/span><\/h4>\n<p class=\"isSelectedEnd\"><strong>W zale\u017cno\u015bci od programu, firmy czarterowe przejmuj\u0105 mi\u0119dzy innymi:<\/strong><\/p>\n<ul data-spread=\"false\">\n<li><span>marketing jachtu<\/span><\/li>\n<li><span>zarz\u0105dzanie rezerwacjami<\/span><\/li>\n<li><span>obs\u0142ug\u0119 go\u015bci<\/span><\/li>\n<li><span>przekazania<\/span><\/li>\n<li><span>odbioru<\/span><\/li>\n<li><span>czyszczenie<\/span><\/li>\n<li><span>Konserwacja<\/span><\/li>\n<li><span>Opiek\u0119 techniczn\u0105<\/span><\/li>\n<li><span>organizacj\u0119 napraw<\/span><\/li>\n<li><span>serwis zimowy<\/span><\/li>\n<li><span>zarz\u0105dzanie cz\u0119\u015bciami zamiennymi<\/span><\/li>\n<\/ul>\n<p><span>Dzi\u0119ki temu w\u0142a\u015bciciele mog\u0105 skupi\u0107 si\u0119 na tym, co najwa\u017cniejsze \u2013 cieszeniu si\u0119 swoim jachtem.<\/span><\/p>\n<\/div><\/div>\n<\/div>\n<\/div>\n<\/div>\n\n<div class=\"et_pb_section_5 et_pb_section et_section_regular et_block_section\">\n<div class=\"et_pb_row_5 et_pb_row et_flex_row\">\n<div class=\"et_pb_column_13 et_pb_column et_flex_column et_pb_css_mix_blend_mode_passthrough et_flex_column_16_24 et_flex_column_16_24_tablet et_flex_column_24_24_phone\">\n<div class=\"et_pb_text_10 et_pb_text et_pb_bg_layout_light et_pb_module et_block_module preset--module--divi-text--default\"><div class=\"et_pb_text_inner\"><h3>Jaki jacht nadaje si\u0119 do zarz\u0105dzania czarterem?<\/h3>\n<\/div><\/div>\n\n<div class=\"et_pb_text_11 et_pb_text et_pb_bg_layout_light et_pb_module et_block_module preset--module--divi-text--default\"><div class=\"et_pb_text_inner\"><h4 class=\"isSelectedEnd\"><span>Nie ka\u017cdy jacht pasuje w r\u00f3wnym stopniu do ka\u017cdego programu czarterowego.<\/span><\/h4>\n<p class=\"isSelectedEnd\"><span>Wsp\u00f3lnie z Tob\u0105 ustalimy,<\/span><\/p>\n<ul data-spread=\"false\">\n<li><span>jaki rozmiar akwenu jest planowany,<\/span><\/li>\n<li><span>ile kabin jest potrzebnych,<\/span><\/li>\n<li><span>jakie wyposa\u017cenie jest sensowne,<\/span><\/li>\n<li><span>jakie modele szczeg\u00f3lnie si\u0119 sprawdzi\u0142y,<\/span><\/li>\n<li><span>i jaki jacht odpowiada Twoim osobistym preferencjom u\u017cytkowania.<\/span><\/li>\n<\/ul>\n<p><span>Jako dealer wiod\u0105cych stoczni, takich jak BAVARIA Yachts, Dufour Yachts i Nautitech, kompleksowo doradzamy w zakresie aktualnej gamy modeli i przedstawiamy specyficzne cechy poszczeg\u00f3lnych modeli.<\/span><\/p>\n<\/div><\/div>\n\n<div class=\"et_pb_text_12 et_pb_text et_pb_bg_layout_light et_pb_module et_flex_module preset--module--divi-text--default\"><div class=\"et_pb_text_inner\"><h2 class=\"isSelectedEnd\">Dlaczego Yachten Meltl?<\/h2>\n<p class=\"isSelectedEnd\"><strong>Z Yachten Meltl korzystasz z silnej sieci i dziesi\u0119cioleci do\u015bwiadczenia.<\/strong><\/p>\n<p class=\"isSelectedEnd\"><span>Korzy\u015bci dla Pa\u0144stwa:<\/span><\/p>\n<ul data-spread=\"false\">\n<li><span>Osobiste doradztwo<\/span><\/li>\n<li><span>wieloletnie do\u015bwiadczenie w sprzeda\u017cy jacht\u00f3w<\/span><\/li>\n<li><span>wy\u0142\u0105czny dealer BAVARIA Yachts<\/span><\/li>\n<li><span>wieloletni dealer jacht\u00f3w Dufour, Nautitech, Bente i Nuva<\/span><\/li>\n<li><span>po\u015brednictwo w kontaktach z renomowanymi firmami czarterowymi<\/span><\/li>\n<li><span>silna sie\u0107 w ramach Nautic Alliance<\/span><\/li>\n<li><span>osobisty partner<\/span><\/li>\n<li><span>kompleksowe wsparcie przez ca\u0142y proces zakupu<\/span><\/li>\n<li><span>doradztwo r\u00f3wnie\u017c po zakupie jachtu<\/span><\/li>\n<\/ul>\n<\/div><\/div>\n<\/div>\n\n<div class=\"et_pb_column_14 et_pb_column et-last-child et_flex_column et_pb_css_mix_blend_mode_passthrough et_flex_column_8_24 et_flex_column_8_24_tablet et_flex_column_24_24_phone\">\n<div class=\"et_pb_image_3 et_pb_image et_pb_module et_flex_module\"><span class=\"et_pb_image_wrap\"><img decoding=\"async\" src=\"https:\/\/www.yachten-meltl.de\/wp-content\/uploads\/2026\/03\/Illustration-Segelyacht-schraeg-Transparenz10-scaled.png\" title=\"Ilustracja-Jacht-\u017caglowy-uko\u015bnie-Przezroczysto\u015b\u010710\" width=\"1284\" height=\"1920\" srcset=\"https:\/\/www.yachten-meltl.de\/wp-content\/uploads\/2026\/03\/Illustration-Segelyacht-schraeg-Transparenz10-scaled.png 1284w, https:\/\/www.yachten-meltl.de\/wp-content\/uploads\/2026\/03\/Illustration-Segelyacht-schraeg-Transparenz10-1280x1914.png 1280w, https:\/\/www.yachten-meltl.de\/wp-content\/uploads\/2026\/03\/Illustration-Segelyacht-schraeg-Transparenz10-980x1465.png 980w, https:\/\/www.yachten-meltl.de\/wp-content\/uploads\/2026\/03\/Illustration-Segelyacht-schraeg-Transparenz10-480x718.png 480w\" sizes=\"(min-width: 0px) and (max-width: 480px) 480px, (min-width: 481px) and (max-width: 980px) 980px, (min-width: 981px) and (max-width: 1280px) 1280px, (min-width: 1281px) 1284px, 100vw\" class=\"wp-image-2037\" alt=\"\"><\/span><\/div>\n\n<div class=\"et_pb_module et_pb_button_module_wrapper et_pb_button_4_wrapper\"><a class=\"et_pb_button_4 et_pb_button et_pb_bg_layout_light et_pb_module et_block_module\" href=\"https:\/\/www.yachten-meltl.de\/kontakt\/\">Skorzystaj z doradztwa Yachten Meltl<\/a><\/div>\n<\/div>\n<\/div>\n<\/div>\n\n<div class=\"et_pb_section_6 et_pb_section et_section_regular et_flex_section\">\n<div class=\"et_pb_row_6 et_pb_row et_flex_row\">\n<div class=\"et_pb_column_15 et_pb_column et-last-child et_flex_column et_pb_css_mix_blend_mode_passthrough et_flex_column_24_24 et_flex_column_24_24_tablet et_flex_column_24_24_phone\">\n<div class=\"dnxte_next_faq_0 dnxte_next_faq et_pb_module et_flex_module\"><h2 class=\"next_faq__title\">H\u00e4ufig gestellte Fragen zum Chartermanagement<\/h2><div class=\"dnxte-next-faq-list dnxte-faq-layout-accordion\" data-layout=\"accordion\" data-one-at-a-time=\"on\" data-default-open=\"none\" data-numbering=\"off\" data-animation=\"slideDown\" data-animate-close=\"off\" data-header-animation=\"none\" data-icon-animation=\"rotate\">\n<div class=\"dnxte_next_faq_item_0 dnxte_next_faq_item et_pb_module\"><div class=\"next_faq__item\" id=\"dnxte-faq-dnxte_next_faq_item_0\" data-id=\"dnxte_next_faq_item_0\" data-active-on-load=\"off\" data-category=\"\">\n\t\t\t\t<div class=\"next_faq__header next_faq__header--icon-right\" role=\"button\" tabindex=\"0\" aria-expanded=\"false\" aria-controls=\"dnxte-faq-dnxte_next_faq_item_0-body\">\n\t\t\t\t\t\n\t\t\t\t\t<span class=\"next_faq__question-icon next_faq__question-icon--custom\" aria-hidden=\"true\">7<\/span>\n\t\t\t\t\t<h3 class=\"next_faq__question\">Was ist Chartermanagement?<\/h3>\n\t\t\t\t\t<span class=\"next_faq__icon\" aria-hidden=\"true\"><\/span>\n\t\t\t\t<\/div>\n\t\t\t\t<div class=\"next_faq__body\" id=\"dnxte-faq-dnxte_next_faq_item_0-body\" role=\"region\">\n\t\t\t\t\t<div class=\"next_faq__body-inner\">\n\t\t\t\t\t\t<div class=\"next_faq__answer-wrap next_faq__answer-wrap--img-top\">\n\t\t\t\t\t\t\t\n\t\t\t\t\t\t\t<div class=\"next_faq__answer\"><p>Beim Chartermanagement wird Ihre Yacht professionell von einem erfahrenen Charterunternehmen betreut und an Charterg\u00e4ste vermietet. Das Charterunternehmen \u00fcbernimmt die Organisation des laufenden Charterbetriebs \u2013 von der Vermarktung \u00fcber Buchungen bis hin zu Wartung, Reinigung und G\u00e4steservice. So profitieren Sie von einer professionellen Betreuung, ohne sich selbst um den operativen Betrieb k\u00fcmmern zu m\u00fcssen.<\/p><\/div>\n\t\t\t\t\t\t<\/div>\n\t\t\t\t\t\t\n\t\t\t\t\t\t\n\t\t\t\t\t<\/div>\n\t\t\t\t<\/div>\n\t\t\t<\/div><\/div>\n\n<div class=\"dnxte_next_faq_item_1 dnxte_next_faq_item et_pb_module\"><div class=\"next_faq__item\" id=\"dnxte-faq-dnxte_next_faq_item_1\" data-id=\"dnxte_next_faq_item_1\" data-active-on-load=\"off\" data-category=\"\">\n\t\t\t\t<div class=\"next_faq__header next_faq__header--icon-right\" role=\"button\" tabindex=\"0\" aria-expanded=\"false\" aria-controls=\"dnxte-faq-dnxte_next_faq_item_1-body\">\n\t\t\t\t\t\n\t\t\t\t\t<span class=\"next_faq__question-icon next_faq__question-icon--custom\" aria-hidden=\"true\">7<\/span>\n\t\t\t\t\t<h3 class=\"next_faq__question\">Welche Aufgaben \u00fcbernimmt das Chartermanagement?<\/h3>\n\t\t\t\t\t<span class=\"next_faq__icon\" aria-hidden=\"true\"><\/span>\n\t\t\t\t<\/div>\n\t\t\t\t<div class=\"next_faq__body\" id=\"dnxte-faq-dnxte_next_faq_item_1-body\" role=\"region\">\n\t\t\t\t\t<div class=\"next_faq__body-inner\">\n\t\t\t\t\t\t<div class=\"next_faq__answer-wrap next_faq__answer-wrap--img-top\">\n\t\t\t\t\t\t\t\n\t\t\t\t\t\t\t<div class=\"next_faq__answer\"><p class=\"isSelectedEnd\"><span>Ein professionelles Chartermanagement umfasst unter anderem:<\/span><\/p>\n<ul data-spread=\"false\">\n<li><span>Vermarktung der Yacht<\/span><\/li>\n<li><span>Buchungsabwicklung<\/span><\/li>\n<li><span>G\u00e4stebetreuung<\/span><\/li>\n<li><span>Check-in und Check-out<\/span><\/li>\n<li><span>Reinigung<\/span><\/li>\n<li><span>technische Wartung<\/span><\/li>\n<li><span>Organisation von Reparaturen<\/span><\/li>\n<li><span>Liegeplatzmanagement<\/span><\/li>\n<li><span>Abrechnung und Dokumentation<\/span><\/li>\n<\/ul>\n<p><span>Dadurch bleibt Ihre Yacht w\u00e4hrend der gesamten Saison professionell betreut und einsatzbereit.<br \/><br \/><\/span>Die Unternehmen im Verbund der Nautic Alliance stehen f\u00fcr hohe Qualit\u00e4t, Service und sorgen durch hohe Kundenzufriedenheit und hohes Stammkundenpotential f\u00fcr bestm\u00f6gliche Auslastung.<\/p><\/div>\n\t\t\t\t\t\t<\/div>\n\t\t\t\t\t\t\n\t\t\t\t\t\t\n\t\t\t\t\t<\/div>\n\t\t\t\t<\/div>\n\t\t\t<\/div><\/div>\n\n<div class=\"dnxte_next_faq_item_2 dnxte_next_faq_item et_pb_module\"><div class=\"next_faq__item\" id=\"dnxte-faq-dnxte_next_faq_item_2\" data-id=\"dnxte_next_faq_item_2\" data-active-on-load=\"off\" data-category=\"\">\n\t\t\t\t<div class=\"next_faq__header next_faq__header--icon-right\" role=\"button\" tabindex=\"0\" aria-expanded=\"false\" aria-controls=\"dnxte-faq-dnxte_next_faq_item_2-body\">\n\t\t\t\t\t\n\t\t\t\t\t<span class=\"next_faq__question-icon next_faq__question-icon--custom\" aria-hidden=\"true\">7<\/span>\n\t\t\t\t\t<h3 class=\"next_faq__question\">Wer \u00fcbernimmt das Chartermanagement innerhalb der Nautic Alliance?<\/h3>\n\t\t\t\t\t<span class=\"next_faq__icon\" aria-hidden=\"true\"><\/span>\n\t\t\t\t<\/div>\n\t\t\t\t<div class=\"next_faq__body\" id=\"dnxte-faq-dnxte_next_faq_item_2-body\" role=\"region\">\n\t\t\t\t\t<div class=\"next_faq__body-inner\">\n\t\t\t\t\t\t<div class=\"next_faq__answer-wrap next_faq__answer-wrap--img-top\">\n\t\t\t\t\t\t\t\n\t\t\t\t\t\t\t<div class=\"next_faq__answer\"><p class=\"isSelectedEnd\"><span>Das Chartermanagement wird von erfahrenen Charterunternehmen innerhalb der Nautic Alliance durchgef\u00fchrt. Dazu geh\u00f6ren unter anderem <\/span><strong><span>Pitter Yachtcharter<\/span><\/strong><span>, <\/span><strong><span>Sun Charter<\/span><\/strong><span> und <\/span><strong><span>Noa Yachting<\/span><\/strong><span>.<\/span><\/p>\n<p><span>Diese Unternehmen verf\u00fcgen \u00fcber langj\u00e4hrige Erfahrung im Chartergesch\u00e4ft, betreiben eigene Charterbasen und k\u00fcmmern sich um den operativen Betrieb Ihrer Yacht vor Ort.\u00a0<br \/><\/span>Dank langj\u00e4hriger Erfahrung und einem hohen Stammkundenpotential profitieren Sie von hoher Auslastung Ihrer Charteryacht und bestm\u00f6glichem Werterhalt durch laufende Wartung.<\/p><\/div>\n\t\t\t\t\t\t<\/div>\n\t\t\t\t\t\t\n\t\t\t\t\t\t\n\t\t\t\t\t<\/div>\n\t\t\t\t<\/div>\n\t\t\t<\/div><\/div>\n\n<div class=\"dnxte_next_faq_item_3 dnxte_next_faq_item et_pb_module\"><div class=\"next_faq__item\" id=\"dnxte-faq-dnxte_next_faq_item_3\" data-id=\"dnxte_next_faq_item_3\" data-active-on-load=\"off\" data-category=\"\">\n\t\t\t\t<div class=\"next_faq__header next_faq__header--icon-right\" role=\"button\" tabindex=\"0\" aria-expanded=\"false\" aria-controls=\"dnxte-faq-dnxte_next_faq_item_3-body\">\n\t\t\t\t\t\n\t\t\t\t\t<span class=\"next_faq__question-icon next_faq__question-icon--custom\" aria-hidden=\"true\">7<\/span>\n\t\t\t\t\t<h3 class=\"next_faq__question\">Muss ich mich selbst um Charterg\u00e4ste oder Buchungen k\u00fcmmern?<\/h3>\n\t\t\t\t\t<span class=\"next_faq__icon\" aria-hidden=\"true\"><\/span>\n\t\t\t\t<\/div>\n\t\t\t\t<div class=\"next_faq__body\" id=\"dnxte-faq-dnxte_next_faq_item_3-body\" role=\"region\">\n\t\t\t\t\t<div class=\"next_faq__body-inner\">\n\t\t\t\t\t\t<div class=\"next_faq__answer-wrap next_faq__answer-wrap--img-top\">\n\t\t\t\t\t\t\t\n\t\t\t\t\t\t\t<div class=\"next_faq__answer\"><p class=\"isSelectedEnd\"><span>Nein.<\/span><\/p>\n<p><span>Die gesamte Vermarktung, Buchungsabwicklung sowie die Betreuung der Charterg\u00e4ste \u00fcbernimmt das jeweilige Charterunternehmen. Sie m\u00fcssen weder Anfragen beantworten noch \u00dcbergaben organisieren oder den laufenden Charterbetrieb koordinieren.<\/span><\/p><\/div>\n\t\t\t\t\t\t<\/div>\n\t\t\t\t\t\t\n\t\t\t\t\t\t\n\t\t\t\t\t<\/div>\n\t\t\t\t<\/div>\n\t\t\t<\/div><\/div>\n\n<div class=\"dnxte_next_faq_item_4 dnxte_next_faq_item et_pb_module\"><div class=\"next_faq__item\" id=\"dnxte-faq-dnxte_next_faq_item_4\" data-id=\"dnxte_next_faq_item_4\" data-active-on-load=\"off\" data-category=\"\">\n\t\t\t\t<div class=\"next_faq__header next_faq__header--icon-right\" role=\"button\" tabindex=\"0\" aria-expanded=\"false\" aria-controls=\"dnxte-faq-dnxte_next_faq_item_4-body\">\n\t\t\t\t\t\n\t\t\t\t\t<span class=\"next_faq__question-icon next_faq__question-icon--custom\" aria-hidden=\"true\">7<\/span>\n\t\t\t\t\t<h3 class=\"next_faq__question\">Wer k\u00fcmmert sich um Wartung und Pflege meiner Yacht?<\/h3>\n\t\t\t\t\t<span class=\"next_faq__icon\" aria-hidden=\"true\"><\/span>\n\t\t\t\t<\/div>\n\t\t\t\t<div class=\"next_faq__body\" id=\"dnxte-faq-dnxte_next_faq_item_4-body\" role=\"region\">\n\t\t\t\t\t<div class=\"next_faq__body-inner\">\n\t\t\t\t\t\t<div class=\"next_faq__answer-wrap next_faq__answer-wrap--img-top\">\n\t\t\t\t\t\t\t\n\t\t\t\t\t\t\t<div class=\"next_faq__answer\"><p class=\"isSelectedEnd\"><span>W\u00e4hrend der Charterlaufzeit wird Ihre Yacht regelm\u00e4\u00dfig gewartet, gereinigt und technisch \u00fcberpr\u00fcft.<\/span><\/p>\n<p><span>Nach jeder Charter erfolgen Kontroll- und Servicearbeiten, damit sich die Yacht in einem gepflegten und sicheren Zustand befindet. Der genaue Leistungsumfang richtet sich nach dem jeweiligen Chartermanagement-Vertrag.<\/span><\/p><\/div>\n\t\t\t\t\t\t<\/div>\n\t\t\t\t\t\t\n\t\t\t\t\t\t\n\t\t\t\t\t<\/div>\n\t\t\t\t<\/div>\n\t\t\t<\/div><\/div>\n\n<div class=\"dnxte_next_faq_item_5 dnxte_next_faq_item et_pb_module\"><div class=\"next_faq__item\" id=\"dnxte-faq-dnxte_next_faq_item_5\" data-id=\"dnxte_next_faq_item_5\" data-active-on-load=\"off\" data-category=\"\">\n\t\t\t\t<div class=\"next_faq__header next_faq__header--icon-right\" role=\"button\" tabindex=\"0\" aria-expanded=\"false\" aria-controls=\"dnxte-faq-dnxte_next_faq_item_5-body\">\n\t\t\t\t\t\n\t\t\t\t\t<span class=\"next_faq__question-icon next_faq__question-icon--custom\" aria-hidden=\"true\">7<\/span>\n\t\t\t\t\t<h3 class=\"next_faq__question\">In welchen Revieren kann meine Yacht stationiert werden?<\/h3>\n\t\t\t\t\t<span class=\"next_faq__icon\" aria-hidden=\"true\"><\/span>\n\t\t\t\t<\/div>\n\t\t\t\t<div class=\"next_faq__body\" id=\"dnxte-faq-dnxte_next_faq_item_5-body\" role=\"region\">\n\t\t\t\t\t<div class=\"next_faq__body-inner\">\n\t\t\t\t\t\t<div class=\"next_faq__answer-wrap next_faq__answer-wrap--img-top\">\n\t\t\t\t\t\t\t\n\t\t\t\t\t\t\t<div class=\"next_faq__answer\"><p class=\"isSelectedEnd\"><span>Je nach gew\u00e4hltem Chartermodell stehen verschiedene Charterbasen innerhalb des Netzwerks der Nautic Alliance zur Verf\u00fcgung.<\/span><\/p>\n<p><span>Besonders gefragt sind Liegepl\u00e4tze in den beliebtesten Segelrevieren des Mittelmeers, beispielsweise an der kroatischen Adriak\u00fcste. Weitere Standorte k\u00f6nnen abh\u00e4ngig vom Modell und Charterpartner angeboten werden.<br \/><br \/><\/span>Im Verbund der Nautic Alliance haben Sie au\u00dferdem den Vorteil, dass Sie (abh\u00e4ngig von Verf\u00fcgbarkeiten der Liegepl\u00e4tze) die M\u00f6glichkeit, den Standort Ihrer Yacht zu \u00e4ndern.<\/p>\n<h4 data-path-to-node=\"37\"><\/h4><\/div>\n\t\t\t\t\t\t<\/div>\n\t\t\t\t\t\t\n\t\t\t\t\t\t\n\t\t\t\t\t<\/div>\n\t\t\t\t<\/div>\n\t\t\t<\/div><\/div>\n\n<div class=\"dnxte_next_faq_item_6 dnxte_next_faq_item et_pb_module\"><div class=\"next_faq__item\" id=\"dnxte-faq-dnxte_next_faq_item_6\" data-id=\"dnxte_next_faq_item_6\" data-active-on-load=\"off\" data-category=\"\">\n\t\t\t\t<div class=\"next_faq__header next_faq__header--icon-right\" role=\"button\" tabindex=\"0\" aria-expanded=\"false\" aria-controls=\"dnxte-faq-dnxte_next_faq_item_6-body\">\n\t\t\t\t\t\n\t\t\t\t\t<span class=\"next_faq__question-icon next_faq__question-icon--custom\" aria-hidden=\"true\">7<\/span>\n\t\t\t\t\t<h3 class=\"next_faq__question\">Welche Vorteile bietet professionelles Chartermanagement?<\/h3>\n\t\t\t\t\t<span class=\"next_faq__icon\" aria-hidden=\"true\"><\/span>\n\t\t\t\t<\/div>\n\t\t\t\t<div class=\"next_faq__body\" id=\"dnxte-faq-dnxte_next_faq_item_6-body\" role=\"region\">\n\t\t\t\t\t<div class=\"next_faq__body-inner\">\n\t\t\t\t\t\t<div class=\"next_faq__answer-wrap next_faq__answer-wrap--img-top\">\n\t\t\t\t\t\t\t\n\t\t\t\t\t\t\t<div class=\"next_faq__answer\"><p class=\"isSelectedEnd\"><span>Professionelles Chartermanagement entlastet Yachtbesitzer im Alltag und sorgt f\u00fcr einen reibungslosen Charterbetrieb.<\/span><\/p>\n<p class=\"isSelectedEnd\"><span>Zu den wichtigsten Vorteilen geh\u00f6ren:<\/span><\/p>\n<ul data-spread=\"false\">\n<li><span>professionelle Vermarktung<\/span><\/li>\n<li><span>hohe organisatorische Entlastung<\/span><\/li>\n<li><span>erfahrene Ansprechpartner vor Ort<\/span><\/li>\n<li><span>regelm\u00e4\u00dfige Wartung und Pflege<\/span><\/li>\n<li><span>transparente Abwicklung<\/span><\/li>\n<li><span>etablierte Charterstrukturen<\/span><\/li>\n<li><span>professionelle G\u00e4stebetreuung<\/span><\/li>\n<\/ul><\/div>\n\t\t\t\t\t\t<\/div>\n\t\t\t\t\t\t\n\t\t\t\t\t\t\n\t\t\t\t\t<\/div>\n\t\t\t\t<\/div>\n\t\t\t<\/div><\/div>\n\n<div class=\"dnxte_next_faq_item_7 dnxte_next_faq_item et_pb_module\"><div class=\"next_faq__item\" id=\"dnxte-faq-dnxte_next_faq_item_7\" data-id=\"dnxte_next_faq_item_7\" data-active-on-load=\"off\" data-category=\"\">\n\t\t\t\t<div class=\"next_faq__header next_faq__header--icon-right\" role=\"button\" tabindex=\"0\" aria-expanded=\"false\" aria-controls=\"dnxte-faq-dnxte_next_faq_item_7-body\">\n\t\t\t\t\t\n\t\t\t\t\t<span class=\"next_faq__question-icon next_faq__question-icon--custom\" aria-hidden=\"true\">7<\/span>\n\t\t\t\t\t<h3 class=\"next_faq__question\">Warum erfolgt das Chartermanagement \u00fcber Partner der Nautic Alliance?<\/h3>\n\t\t\t\t\t<span class=\"next_faq__icon\" aria-hidden=\"true\"><\/span>\n\t\t\t\t<\/div>\n\t\t\t\t<div class=\"next_faq__body\" id=\"dnxte-faq-dnxte_next_faq_item_7-body\" role=\"region\">\n\t\t\t\t\t<div class=\"next_faq__body-inner\">\n\t\t\t\t\t\t<div class=\"next_faq__answer-wrap next_faq__answer-wrap--img-top\">\n\t\t\t\t\t\t\t\n\t\t\t\t\t\t\t<div class=\"next_faq__answer\"><p class=\"isSelectedEnd\"><span>Die Nautic Alliance vereint erfahrene Yacht- und Charterunternehmen mit einem internationalen Netzwerk an Charterbasen, Servicepartnern und Fachpersonal.<\/span><\/p>\n<p><span>Yachten Meltl begleitet Sie beim Kauf Ihrer Yacht. Das anschlie\u00dfende Chartermanagement \u00fcbernehmen spezialisierte Partner wie Pitter Yachtcharter, Sun Charter oder Noa Yachting. So profitieren Sie von klaren Zust\u00e4ndigkeiten, hoher Servicequalit\u00e4t und langj\u00e4hriger Erfahrung im professionellen Charterbetrieb.<br \/><br \/><\/span>Bei der Auswahl des richtigen Vercharterers ist es wichtig, auf langj\u00e4hrige Expertise und Sicherheit zu z\u00e4hlen. Dabei sind Sie im Verbund der Nautic Alliance stehts gut betreut.<\/p><\/div>\n\t\t\t\t\t\t<\/div>\n\t\t\t\t\t\t\n\t\t\t\t\t\t\n\t\t\t\t\t<\/div>\n\t\t\t\t<\/div>\n\t\t\t<\/div><\/div>\n\n<div class=\"dnxte_next_faq_item_8 dnxte_next_faq_item et_pb_module\"><div class=\"next_faq__item\" id=\"dnxte-faq-dnxte_next_faq_item_8\" data-id=\"dnxte_next_faq_item_8\" data-active-on-load=\"off\" data-category=\"\">\n\t\t\t\t<div class=\"next_faq__header next_faq__header--icon-right\" role=\"button\" tabindex=\"0\" aria-expanded=\"false\" aria-controls=\"dnxte-faq-dnxte_next_faq_item_8-body\">\n\t\t\t\t\t\n\t\t\t\t\t<span class=\"next_faq__question-icon next_faq__question-icon--custom\" aria-hidden=\"true\">7<\/span>\n\t\t\t\t\t<h3 class=\"next_faq__question\">Kann ich den Investitionsabzugsbetrag (IAB) f\u00fcr ein Yachtinvestment nutzen?<\/h3>\n\t\t\t\t\t<span class=\"next_faq__icon\" aria-hidden=\"true\"><\/span>\n\t\t\t\t<\/div>\n\t\t\t\t<div class=\"next_faq__body\" id=\"dnxte-faq-dnxte_next_faq_item_8-body\" role=\"region\">\n\t\t\t\t\t<div class=\"next_faq__body-inner\">\n\t\t\t\t\t\t<div class=\"next_faq__answer-wrap next_faq__answer-wrap--img-top\">\n\t\t\t\t\t\t\t\n\t\t\t\t\t\t\t<div class=\"next_faq__answer\"><p data-path-to-node=\"48\">Unter bestimmten Voraussetzungen kann ein Yachtinvestment im Rahmen eines gewerblichen Charterbetriebs f\u00fcr den Investitionsabzugsbetrag (IAB) nach \u00a7 7g EStG in Betracht kommen. Ob die Voraussetzungen erf\u00fcllt sind, h\u00e4ngt unter anderem von der geplanten betrieblichen Nutzung, der Unternehmensstruktur und den steuerlichen Rahmenbedingungen ab. Der IAB ist keine automatische Steuerverg\u00fcnstigung und muss stets individuell gepr\u00fcft werden. Deshalb empfiehlt sich eine fr\u00fchzeitige Abstimmung mit einem Steuerberater.<br \/>Der IAB ist dabei eine besonderheit des deutschen Steuerrechtes.<br \/>Mehr Informationen dazu finden Sie in unserem Artikel <a href=\"https:\/\/www.yachten-meltl.de\/services\/yachtinvestment-investitionsabzugsbetrag\/\" title=\"Yachtinvestment und Investitionsabzugsbetrag\">IAB und Yachtinvest<\/a>.<\/p><\/div>\n\t\t\t\t\t\t<\/div>\n\t\t\t\t\t\t\n\t\t\t\t\t\t\n\t\t\t\t\t<\/div>\n\t\t\t\t<\/div>\n\t\t\t<\/div><\/div>\n\n<div class=\"dnxte_next_faq_item_9 dnxte_next_faq_item et_pb_module\"><div class=\"next_faq__item\" id=\"dnxte-faq-dnxte_next_faq_item_9\" data-id=\"dnxte_next_faq_item_9\" data-active-on-load=\"off\" data-category=\"\">\n\t\t\t\t<div class=\"next_faq__header next_faq__header--icon-right\" role=\"button\" tabindex=\"0\" aria-expanded=\"false\" aria-controls=\"dnxte-faq-dnxte_next_faq_item_9-body\">\n\t\t\t\t\t\n\t\t\t\t\t<span class=\"next_faq__question-icon next_faq__question-icon--custom\" aria-hidden=\"true\">7<\/span>\n\t\t\t\t\t<h3 class=\"next_faq__question\">F\u00fcr wen ist ein Yachtinvestment mit IAB besonders interessant?<\/h3>\n\t\t\t\t\t<span class=\"next_faq__icon\" aria-hidden=\"true\"><\/span>\n\t\t\t\t<\/div>\n\t\t\t\t<div class=\"next_faq__body\" id=\"dnxte-faq-dnxte_next_faq_item_9-body\" role=\"region\">\n\t\t\t\t\t<div class=\"next_faq__body-inner\">\n\t\t\t\t\t\t<div class=\"next_faq__answer-wrap next_faq__answer-wrap--img-top\">\n\t\t\t\t\t\t\t\n\t\t\t\t\t\t\t<div class=\"next_faq__answer\"><p data-path-to-node=\"48\">Ein <a href=\"https:\/\/www.yachten-meltl.de\/services\/yachtinvestment-investitionsabzugsbetrag\/\" title=\"Yachtinvestment mit Investitionsabzugsbetrag\">Yachtinvestment mit m\u00f6glicher IAB-Nutzung<\/a> kann insbesondere f\u00fcr Unternehmer, Selbstst\u00e4ndige und gewerblich t\u00e4tige Investoren in Deutschland interessant sein, die den Erwerb einer Yacht im Rahmen eines professionellen Charterbetriebs planen. Entscheidend ist dabei nicht allein die Investition in die Yacht, sondern ein tragf\u00e4higes, auf Gewinnerzielung ausgerichtetes Gesch\u00e4ftsmodell. Yachten Meltl unterst\u00fctzt Sie bei der Auswahl einer geeigneten Yacht und der Konzeption des Yachtinvestments. Die steuerliche Beurteilung und die Pr\u00fcfung, ob ein Investitionsabzugsbetrag oder weitere steuerliche Gestaltungsm\u00f6glichkeiten im Einzelfall genutzt werden k\u00f6nnen, erfolgt durch Ihren Steuerberater.<\/p><\/div>\n\t\t\t\t\t\t<\/div>\n\t\t\t\t\t\t\n\t\t\t\t\t\t\n\t\t\t\t\t<\/div>\n\t\t\t\t<\/div>\n\t\t\t<\/div><\/div>\n<\/div><div class=\"next_faq__empty\" hidden>No results found.<\/div><script type=\"application\/ld+json\">{\"@context\":\"https:\/\/schema.org\",\"@type\":\"FAQPage\",\"mainEntity\":[{\"@type\":\"Question\",\"name\":\"Was ist Chartermanagement?\",\"acceptedAnswer\":{\"@type\":\"Answer\",\"text\":\"<p>Beim Chartermanagement wird Ihre Yacht professionell von einem erfahrenen Charterunternehmen betreut und an Charterg\u00e4ste vermietet. Das Charterunternehmen \u00fcbernimmt die Organisation des laufenden Charterbetriebs \u2013 von der Vermarktung \u00fcber Buchungen bis hin zu Wartung, Reinigung und G\u00e4steservice. So profitieren Sie von einer professionellen Betreuung, ohne sich selbst um den operativen Betrieb k\u00fcmmern zu m\u00fcssen.<\/p>\"}},{\"@type\":\"Question\",\"name\":\"Welche Aufgaben \u00fcbernimmt das Chartermanagement?\",\"acceptedAnswer\":{\"@type\":\"Answer\",\"text\":\"<p>Ein professionelles Chartermanagement umfasst unter anderem:<\/p>\\n<ul>\\n<li>Vermarktung der Yacht<\/li>\\n<li>Buchungsabwicklung<\/li>\\n<li>G\u00e4stebetreuung<\/li>\\n<li>Check-in und Check-out<\/li>\\n<li>Reinigung<\/li>\\n<li>technische Wartung<\/li>\\n<li>Organisation von Reparaturen<\/li>\\n<li>Liegeplatzmanagement<\/li>\\n<li>Abrechnung und Dokumentation<\/li>\\n<\/ul>\\n<p>Dadurch bleibt Ihre Yacht w\u00e4hrend der gesamten Saison professionell betreut und einsatzbereit.<br \/><br \/>Die Unternehmen im Verbund der Nautic Alliance stehen f\u00fcr hohe Qualit\u00e4t, Service und sorgen durch hohe Kundenzufriedenheit und hohes Stammkundenpotential f\u00fcr bestm\u00f6gliche Auslastung.<\/p>\"}},{\"@type\":\"Question\",\"name\":\"Wer \u00fcbernimmt das Chartermanagement innerhalb der Nautic Alliance?\",\"acceptedAnswer\":{\"@type\":\"Answer\",\"text\":\"<p>Das Chartermanagement wird von erfahrenen Charterunternehmen innerhalb der Nautic Alliance durchgef\u00fchrt. Dazu geh\u00f6ren unter anderem <strong>Pitter Yachtcharter<\/strong>, <strong>Sun Charter<\/strong> und <strong>Noa Yachting<\/strong>.<\/p>\\n<p>Diese Unternehmen verf\u00fcgen \u00fcber langj\u00e4hrige Erfahrung im Chartergesch\u00e4ft, betreiben eigene Charterbasen und k\u00fcmmern sich um den operativen Betrieb Ihrer Yacht vor Ort.\u00a0<br \/>Dank langj\u00e4hriger Erfahrung und einem hohen Stammkundenpotential profitieren Sie von hoher Auslastung Ihrer Charteryacht und bestm\u00f6glichem Werterhalt durch laufende Wartung.<\/p>\"}},{\"@type\":\"Question\",\"name\":\"Muss ich mich selbst um Charterg\u00e4ste oder Buchungen k\u00fcmmern?\",\"acceptedAnswer\":{\"@type\":\"Answer\",\"text\":\"<p>Nein.<\/p>\\n<p>Die gesamte Vermarktung, Buchungsabwicklung sowie die Betreuung der Charterg\u00e4ste \u00fcbernimmt das jeweilige Charterunternehmen. Sie m\u00fcssen weder Anfragen beantworten noch \u00dcbergaben organisieren oder den laufenden Charterbetrieb koordinieren.<\/p>\"}},{\"@type\":\"Question\",\"name\":\"Wer k\u00fcmmert sich um Wartung und Pflege meiner Yacht?\",\"acceptedAnswer\":{\"@type\":\"Answer\",\"text\":\"<p>W\u00e4hrend der Charterlaufzeit wird Ihre Yacht regelm\u00e4\u00dfig gewartet, gereinigt und technisch \u00fcberpr\u00fcft.<\/p>\\n<p>Nach jeder Charter erfolgen Kontroll- und Servicearbeiten, damit sich die Yacht in einem gepflegten und sicheren Zustand befindet. Der genaue Leistungsumfang richtet sich nach dem jeweiligen Chartermanagement-Vertrag.<\/p>\"}},{\"@type\":\"Question\",\"name\":\"In welchen Revieren kann meine Yacht stationiert werden?\",\"acceptedAnswer\":{\"@type\":\"Answer\",\"text\":\"<p>Je nach gew\u00e4hltem Chartermodell stehen verschiedene Charterbasen innerhalb des Netzwerks der Nautic Alliance zur Verf\u00fcgung.<\/p>\\n<p>Besonders gefragt sind Liegepl\u00e4tze in den beliebtesten Segelrevieren des Mittelmeers, beispielsweise an der kroatischen Adriak\u00fcste. Weitere Standorte k\u00f6nnen abh\u00e4ngig vom Modell und Charterpartner angeboten werden.<br \/><br \/>Im Verbund der Nautic Alliance haben Sie au\u00dferdem den Vorteil, dass Sie (abh\u00e4ngig von Verf\u00fcgbarkeiten der Liegepl\u00e4tze) die M\u00f6glichkeit, den Standort Ihrer Yacht zu \u00e4ndern.<\/p>\\n\"}},{\"@type\":\"Question\",\"name\":\"Welche Vorteile bietet professionelles Chartermanagement?\",\"acceptedAnswer\":{\"@type\":\"Answer\",\"text\":\"<p>Professionelles Chartermanagement entlastet Yachtbesitzer im Alltag und sorgt f\u00fcr einen reibungslosen Charterbetrieb.<\/p>\\n<p>Zu den wichtigsten Vorteilen geh\u00f6ren:<\/p>\\n<ul>\\n<li>professionelle Vermarktung<\/li>\\n<li>hohe organisatorische Entlastung<\/li>\\n<li>erfahrene Ansprechpartner vor Ort<\/li>\\n<li>regelm\u00e4\u00dfige Wartung und Pflege<\/li>\\n<li>transparente Abwicklung<\/li>\\n<li>etablierte Charterstrukturen<\/li>\\n<li>professionelle G\u00e4stebetreuung<\/li>\\n<\/ul>\"}},{\"@type\":\"Question\",\"name\":\"Warum erfolgt das Chartermanagement \u00fcber Partner der Nautic Alliance?\",\"acceptedAnswer\":{\"@type\":\"Answer\",\"text\":\"<p>Die Nautic Alliance vereint erfahrene Yacht- und Charterunternehmen mit einem internationalen Netzwerk an Charterbasen, Servicepartnern und Fachpersonal.<\/p>\\n<p>Yachten Meltl begleitet Sie beim Kauf Ihrer Yacht. Das anschlie\u00dfende Chartermanagement \u00fcbernehmen spezialisierte Partner wie Pitter Yachtcharter, Sun Charter oder Noa Yachting. So profitieren Sie von klaren Zust\u00e4ndigkeiten, hoher Servicequalit\u00e4t und langj\u00e4hriger Erfahrung im professionellen Charterbetrieb.<br \/><br \/>Bei der Auswahl des richtigen Vercharterers ist es wichtig, auf langj\u00e4hrige Expertise und Sicherheit zu z\u00e4hlen. Dabei sind Sie im Verbund der Nautic Alliance stehts gut betreut.<\/p>\"}},{\"@type\":\"Question\",\"name\":\"Kann ich den Investitionsabzugsbetrag (IAB) f\u00fcr ein Yachtinvestment nutzen?\",\"acceptedAnswer\":{\"@type\":\"Answer\",\"text\":\"<p>Unter bestimmten Voraussetzungen kann ein Yachtinvestment im Rahmen eines gewerblichen Charterbetriebs f\u00fcr den Investitionsabzugsbetrag (IAB) nach \u00a7 7g EStG in Betracht kommen. Ob die Voraussetzungen erf\u00fcllt sind, h\u00e4ngt unter anderem von der geplanten betrieblichen Nutzung, der Unternehmensstruktur und den steuerlichen Rahmenbedingungen ab. Der IAB ist keine automatische Steuerverg\u00fcnstigung und muss stets individuell gepr\u00fcft werden. Deshalb empfiehlt sich eine fr\u00fchzeitige Abstimmung mit einem Steuerberater.<br \/>Der IAB ist dabei eine besonderheit des deutschen Steuerrechtes.<br \/>Mehr Informationen dazu finden Sie in unserem Artikel <a href=\\\"https:\/\/www.yachten-meltl.de\/services\/yachtinvestment-investitionsabzugsbetrag\/\\\">IAB und Yachtinvest<\/a>.<\/p>\"}},{\"@type\":\"Question\",\"name\":\"F\u00fcr wen ist ein Yachtinvestment mit IAB besonders interessant?\",\"acceptedAnswer\":{\"@type\":\"Answer\",\"text\":\"<p>Ein <a href=\\\"https:\/\/www.yachten-meltl.de\/services\/yachtinvestment-investitionsabzugsbetrag\/\\\">Yachtinvestment mit m\u00f6glicher IAB-Nutzung<\/a> kann insbesondere f\u00fcr Unternehmer, Selbstst\u00e4ndige und gewerblich t\u00e4tige Investoren in Deutschland interessant sein, die den Erwerb einer Yacht im Rahmen eines professionellen Charterbetriebs planen. Entscheidend ist dabei nicht allein die Investition in die Yacht, sondern ein tragf\u00e4higes, auf Gewinnerzielung ausgerichtetes Gesch\u00e4ftsmodell. Yachten Meltl unterst\u00fctzt Sie bei der Auswahl einer geeigneten Yacht und der Konzeption des Yachtinvestments. Die steuerliche Beurteilung und die Pr\u00fcfung, ob ein Investitionsabzugsbetrag oder weitere steuerliche Gestaltungsm\u00f6glichkeiten im Einzelfall genutzt werden k\u00f6nnen, erfolgt durch Ihren Steuerberater.<\/p>\"}}]}<\/script><\/div>\n<\/div>\n<\/div>\n<\/div>","protected":false},"excerpt":{"rendered":"<p>Co to jest zarz\u0105dzanie czarterem? Dowiedz si\u0119, jak dzia\u0142a czarter z opcj\u0105 zakupu i jak Yachten Meltl, wsp\u00f3lnie z partnerami czarterowymi Nautic Alliance, kompleksowo wspiera nabywc\u00f3w jacht\u00f3w. <\/p>\n","protected":false},"author":1,"featured_media":0,"parent":4089,"menu_order":10,"comment_status":"closed","ping_status":"closed","template":"","meta":{"footnotes":""},"class_list":["post-4753","page","type-page","status-publish","hentry"],"_links":{"self":[{"href":"https:\/\/www.yachten-meltl.de\/pl\/wp-json\/wp\/v2\/pages\/4753","targetHints":{"allow":["GET"]}}],"collection":[{"href":"https:\/\/www.yachten-meltl.de\/pl\/wp-json\/wp\/v2\/pages"}],"about":[{"href":"https:\/\/www.yachten-meltl.de\/pl\/wp-json\/wp\/v2\/types\/page"}],"author":[{"embeddable":true,"href":"https:\/\/www.yachten-meltl.de\/pl\/wp-json\/wp\/v2\/users\/1"}],"replies":[{"embeddable":true,"href":"https:\/\/www.yachten-meltl.de\/pl\/wp-json\/wp\/v2\/comments?post=4753"}],"version-history":[{"count":4,"href":"https:\/\/www.yachten-meltl.de\/pl\/wp-json\/wp\/v2\/pages\/4753\/revisions"}],"predecessor-version":[{"id":5670,"href":"https:\/\/www.yachten-meltl.de\/pl\/wp-json\/wp\/v2\/pages\/4753\/revisions\/5670"}],"up":[{"embeddable":true,"href":"https:\/\/www.yachten-meltl.de\/pl\/wp-json\/wp\/v2\/pages\/4089"}],"wp:attachment":[{"href":"https:\/\/www.yachten-meltl.de\/pl\/wp-json\/wp\/v2\/media?parent=4753"}],"curies":[{"name":"wp","href":"https:\/\/api.w.org\/{rel}","templated":true}]}}